{"id":2192,"date":"2023-12-25T15:27:08","date_gmt":"2023-12-25T15:27:08","guid":{"rendered":"https:\/\/ifescaribbean.org\/?page_id=2192"},"modified":"2024-04-15T19:07:23","modified_gmt":"2024-04-15T18:07:23","slug":"carifes-academy-2024","status":"publish","type":"page","link":"https:\/\/ifescaribbean.org\/fr\/carifes-academy-2024\/","title":{"rendered":"CARIFES ACADEMY 2024"},"content":{"rendered":"<div class=\"wp-block block-acf-spacer\">\n<div id=\"spacer-block_48a57ff9718691ad97de61f2b4fa243d\" class=\"\">\n    <div aria-hidden=\"true\" class=\"wp-block-spacer spacer--xs\"><\/div>\n<\/div>\n<\/div>\n\n<div class=\"wp-block block-core-group\">\n<div class=\"wp-block-group\"><div class=\"wp-block-group__inner-container is-layout-constrained wp-block-group-is-layout-constrained\"><div class=\"wp-block block-core-heading\">\n<h2 class=\"wp-block-heading has-text-align-left has-primary-color has-text-color\" id=\"who-are-we\">Qu&rsquo;est-ce que CARIFES ACADEMY?<\/h2>\n<\/div>\n\n<div class=\"wp-block block-core-paragraph\">\n<p class=\"has-md-font-size\">CARIFES Academy est la formation r\u00e9gionale de IFES CARA\u00cfBE pour les \u00e9tudiants et \u00e9quipiers (staffs). Cette acad\u00e9mie jouera un r\u00f4le de soutien aux mouvements nationaux, en aidant \u00e0 \u00e9quiper notre groupe cible avec les outils et les comp\u00e9tences n\u00e9cessaires pour aborder les questions spirituelles, morales, sociales, \u00e9conomiques et culturelles pertinentes de leurs sph\u00e8res respectives.<\/p>\n<\/div>\n\n<div class=\"wp-block block-core-embed wp-embed-aspect-16-9 wp-has-aspect-ratio\">\n<figure class=\"wp-block-embed is-type-video is-provider-youtube wp-block-embed-youtube wp-embed-aspect-16-9 wp-has-aspect-ratio\"><div class=\"wp-block-embed__wrapper\">\n<iframe class=\"lazyload\" title=\"CARIFES Academy 2024 (FR)\" width=\"740\" height=\"416\" data-src=\"https:\/\/www.youtube.com\/embed\/4bTBvnhe3aU?feature=oembed&#038;cc_load_policy=1\" frameborder=\"0\" allow=\"accelerometer; autoplay; clipboard-write; encrypted-media; gyroscope; picture-in-picture; web-share\" referrerpolicy=\"strict-origin-when-cross-origin\" allowfullscreen><\/iframe>\n<\/div><\/figure>\n<\/div><\/div>\n<\/div><\/div>\n\n<div class=\"wp-block block-core-group alignfull\">\n<div class=\"wp-block-group alignfull has-caribbean-background-color has-background\"><div class=\"wp-block-group__inner-container is-layout-constrained wp-block-group-is-layout-constrained\"><div class=\"wp-block block-core-columns\">\n<div class=\"wp-block-columns is-layout-flex wp-container-core-columns-is-layout-9d6595d7 wp-block-columns-is-layout-flex\">\n<div class=\"wp-block-column is-vertically-aligned-center is-layout-flow wp-block-column-is-layout-flow\" style=\"flex-basis:66.66%\"><div class=\"wp-block block-core-image aligncenter\">\n<figure class=\"wp-block-image aligncenter size-full\"><img decoding=\"async\" src=\"data:image\/gif;base64,R0lGODlhAQABAIAAAAAAAP\/\/\/yH5BAEAAAAALAAAAAABAAEAAAIBRAA7\" data-src=\"https:\/\/ifescaribbean.org\/wp-content\/uploads\/2024\/03\/carifes_academy_logo-1.png\" alt=\"\" class=\"wp-image-2409 lazyload\"\/><noscript><img decoding=\"async\" width=\"872\" height=\"870\" src=\"https:\/\/ifescaribbean.org\/wp-content\/uploads\/2024\/03\/carifes_academy_logo-1.png\" alt=\"\" class=\"wp-image-2409 lazyload\" srcset=\"https:\/\/ifescaribbean.org\/wp-content\/uploads\/2024\/03\/carifes_academy_logo-1.png 872w, https:\/\/ifescaribbean.org\/wp-content\/uploads\/2024\/03\/carifes_academy_logo-1-300x300.png 300w, https:\/\/ifescaribbean.org\/wp-content\/uploads\/2024\/03\/carifes_academy_logo-1-150x150.png 150w, https:\/\/ifescaribbean.org\/wp-content\/uploads\/2024\/03\/carifes_academy_logo-1-768x766.png 768w, https:\/\/ifescaribbean.org\/wp-content\/uploads\/2024\/03\/carifes_academy_logo-1-70x70.png 70w\" sizes=\"(max-width: 872px) 100vw, 872px\" \/><\/noscript><\/figure>\n<\/div><\/div>\n\n\n\n<div class=\"wp-block-column is-vertically-aligned-top is-layout-flow wp-block-column-is-layout-flow\" style=\"flex-basis:33.33%\"><div class=\"wp-block block-core-heading\">\n<h2 class=\"wp-block-heading has-text-align-left has-primary-color has-text-color\" id=\"who-are-we\">LA VISION<\/h2>\n<\/div>\n\n<div class=\"wp-block block-core-paragraph\">\n<p class=\"has-md-font-size\">Les \u00e9quipiers et les leaders \u00e9tudiants, de CARIFES, grandissant en disciples matures de J\u00e9sus et faisant eux-m\u00eames des disciples, reconnaissant et r\u00e9alisant leur v\u00e9ritable potentiel en tant qu&rsquo;agents de changement selon le c\u0153ur de Dieu dans leurs institutions \u00e9ducatives et leurs cercles d&rsquo;influence.<\/p>\n<\/div>\n\n<div class=\"wp-block block-core-heading\">\n<h2 class=\"wp-block-heading has-text-align-left has-primary-color has-text-color\" id=\"who-are-we\">LA MISSION<\/h2>\n<\/div>\n\n<div class=\"wp-block block-core-paragraph\">\n<p class=\"has-md-font-size\">Faire appel \u00e0 nos principaux groupes d&rsquo;influence et interagir avec des partenaires strat\u00e9giques dans la r\u00e9gion de la Cara\u00efbe et au-del\u00e0 afin d&rsquo;identifier, de former et d&rsquo;encadrer les \u00e9quipiers et les leaders \u00e9tudiants chr\u00e9tiens pour qu&rsquo;ils soient des agents de transformation selon le c\u0153ur de Dieu dans leurs sph\u00e8res d&rsquo;influence respectives.<\/p>\n<\/div><\/div>\n<\/div>\n<\/div><\/div>\n<\/div><\/div>\n\n<div class=\"wp-block block-core-group alignfull\">\n<div class=\"wp-block-group alignfull has-white-background-color has-background\"><div class=\"wp-block-group__inner-container is-layout-constrained wp-block-group-is-layout-constrained\"><div class=\"wp-block block-core-heading\">\n<h2 class=\"wp-block-heading has-primary-color has-text-color\">PROGRAMME<\/h2>\n<\/div>\n\n<div class=\"wp-block block-core-paragraph\">\n<p class=\"has-primary-color has-text-color has-md-font-size\">Ce programme de formation comprend trois (3) niveaux, con\u00e7us pour former, \u00e9quiper et encadrer les participants.<\/p>\n<\/div>\n\n<div class=\"wp-block block-core-columns\">\n<div class=\"wp-block-columns is-layout-flex wp-container-core-columns-is-layout-9d6595d7 wp-block-columns-is-layout-flex\">\n<div class=\"wp-block-column is-layout-flow wp-block-column-is-layout-flow\"><div class=\"wp-block block-pb-accordion-item\">\n<div class=\"wp-block-pb-accordion-item c-accordion__item js-accordion-item no-js\" data-initially-open=\"false\" data-click-to-close=\"true\" data-auto-close=\"true\" data-scroll=\"false\" data-scroll-offset=\"0\"><h3 id=\"at-21922\" class=\"c-accordion__title js-accordion-controller\" role=\"button\">SESSIONS EN LIGNE<\/h3><div id=\"ac-21922\" class=\"c-accordion__content\"><div class=\"wp-block block-core-columns\">\n<div class=\"wp-block-columns is-layout-flex wp-container-core-columns-is-layout-9d6595d7 wp-block-columns-is-layout-flex\">\n<div class=\"wp-block-column is-layout-flow wp-block-column-is-layout-flow\"><div class=\"wp-block block-core-paragraph\">\n<p class=\"has-md-font-size\">L&rsquo;acad\u00e9mie commence son programme en ligne avec un lancement le 24 mars 2024 via Zoom, suivi de quatre (4) sessions suppl\u00e9mentaires jusqu&rsquo;au 30 juin 2024.<\/p>\n<\/div>\n\n<div class=\"wp-block block-core-paragraph\">\n<p class=\"has-md-font-size\">Les \u00e9quipiers participeront \u00e0 une \u00e9tude de livre et \u00e0 une session consacr\u00e9e \u00e0 l&rsquo;\u00e9quilibre dans le minist\u00e8re.<\/p>\n<\/div>\n\n<div class=\"wp-block block-core-paragraph\">\n<p class=\"has-md-font-size\">Les \u00e9tudiants se pencheront sur des sessions telles que Chr\u00e9tien et la G\u00e9n\u00e9ration Z , La\u00efcit\u00e9 et Petits groupes\u00a0 dynamiques durant la phase en ligne.<\/p>\n<\/div><\/div>\n\n\n\n<div class=\"wp-block-column is-layout-flow wp-block-column-is-layout-flow\"><div class=\"wp-block block-core-image\">\n<figure class=\"wp-block-image size-medium\"><img decoding=\"async\" src=\"data:image\/gif;base64,R0lGODlhAQABAIAAAAAAAP\/\/\/yH5BAEAAAAALAAAAAABAAEAAAIBRAA7\" data-src=\"https:\/\/ifescaribbean.org\/wp-content\/uploads\/2024\/03\/83-DSCF4761-edited-scaled.jpg\" alt=\"\" class=\"wp-image-2411 lazyload\"\/><noscript><img decoding=\"async\" width=\"2560\" height=\"2560\" src=\"https:\/\/ifescaribbean.org\/wp-content\/uploads\/2024\/03\/83-DSCF4761-edited-scaled.jpg\" alt=\"\" class=\"wp-image-2411 lazyload\" srcset=\"https:\/\/ifescaribbean.org\/wp-content\/uploads\/2024\/03\/83-DSCF4761-edited-scaled.jpg 2560w, https:\/\/ifescaribbean.org\/wp-content\/uploads\/2024\/03\/83-DSCF4761-edited-300x300.jpg 300w, https:\/\/ifescaribbean.org\/wp-content\/uploads\/2024\/03\/83-DSCF4761-edited-1024x1024.jpg 1024w, https:\/\/ifescaribbean.org\/wp-content\/uploads\/2024\/03\/83-DSCF4761-edited-150x150.jpg 150w, https:\/\/ifescaribbean.org\/wp-content\/uploads\/2024\/03\/83-DSCF4761-edited-768x768.jpg 768w, https:\/\/ifescaribbean.org\/wp-content\/uploads\/2024\/03\/83-DSCF4761-edited-1536x1536.jpg 1536w, https:\/\/ifescaribbean.org\/wp-content\/uploads\/2024\/03\/83-DSCF4761-edited-2048x2048.jpg 2048w, https:\/\/ifescaribbean.org\/wp-content\/uploads\/2024\/03\/83-DSCF4761-edited-70x70.jpg 70w\" sizes=\"(max-width: 2560px) 100vw, 2560px\" \/><\/noscript><\/figure>\n<\/div><\/div>\n<\/div>\n<\/div><\/div><\/div>\n<\/div><\/div>\n<\/div>\n<\/div>\n\n<div class=\"wp-block block-pb-accordion-item\">\n<div class=\"wp-block-pb-accordion-item c-accordion__item js-accordion-item no-js\" data-initially-open=\"false\" data-click-to-close=\"true\" data-auto-close=\"true\" data-scroll=\"false\" data-scroll-offset=\"0\"><h3 id=\"at-21923\" class=\"c-accordion__title js-accordion-controller\" role=\"button\">CONF\u00c9RENCE EN PR\u00c9SENTIEL<\/h3><div id=\"ac-21923\" class=\"c-accordion__content\"><div class=\"wp-block block-core-paragraph\">\n<p class=\"has-md-font-size\">La conf\u00e9rence en pr\u00e9sentiel est pr\u00e9vue du 10 au 16 ao\u00fbt 2024 au Turning Point Campsite \u00e0 Trinidad.<\/p>\n<\/div>\n\n<div class=\"wp-block block-core-paragraph\">\n<p class=\"has-md-font-size\">Tout au long de cette p\u00e9riode, les \u00e9tudiants et \u00e9quipiers (staff) participeront \u00e0 des sessions abordant divers th\u00e8mes chaque jour, notamment, Sant\u00e9 mentale, Questions autour de la famille, et bien d&rsquo;autres encore.<\/p>\n<\/div>\n\n<div class=\"wp-block block-core-html\">\n<div style=\"position: relative; width: 100%; height: 0; padding-top: 56.2500%;\r\n padding-bottom: 0; box-shadow: 0 2px 8px 0 rgba(63,69,81,0.16); margin-top: 1.6em; margin-bottom: 0.9em; overflow: hidden;\r\n border-radius: 8px; will-change: transform;\">\r\n  <iframe loading=\"lazy\" style=\"position: absolute; width: 100%; height: 100%; top: 0; left: 0; border: none; padding: 0;margin: 0;\"\r\n    src=\"https:&#x2F;&#x2F;www.canva.com&#x2F;design&#x2F;DAF6WOIuL94&#x2F;view?embed\" allowfullscreen=\"allowfullscreen\" allow=\"fullscreen\">\r\n  <\/iframe>\r\n<\/div>\n<\/div><\/div><\/div>\n<\/div>\n\n<div class=\"wp-block block-pb-accordion-item\">\n<div class=\"wp-block-pb-accordion-item c-accordion__item js-accordion-item no-js\" data-initially-open=\"false\" data-click-to-close=\"true\" data-auto-close=\"true\" data-scroll=\"false\" data-scroll-offset=\"0\"><h3 id=\"at-21924\" class=\"c-accordion__title js-accordion-controller\" role=\"button\">PROGRAMME DE MENTORAT<\/h3><div id=\"ac-21924\" class=\"c-accordion__content\"><div class=\"wp-block block-core-image\">\n<figure class=\"wp-block-image size-large\"><img decoding=\"async\" src=\"data:image\/gif;base64,R0lGODlhAQABAIAAAAAAAP\/\/\/yH5BAEAAAAALAAAAAABAAEAAAIBRAA7\" data-src=\"https:\/\/ifescaribbean.org\/wp-content\/uploads\/2024\/02\/43-DSCF4697-1024x683.jpg\" alt=\"\" class=\"wp-image-2396 lazyload\"\/><noscript><img decoding=\"async\" width=\"1024\" height=\"683\" src=\"https:\/\/ifescaribbean.org\/wp-content\/uploads\/2024\/02\/43-DSCF4697-1024x683.jpg\" alt=\"\" class=\"wp-image-2396 lazyload\" srcset=\"https:\/\/ifescaribbean.org\/wp-content\/uploads\/2024\/02\/43-DSCF4697-1024x683.jpg 1024w, https:\/\/ifescaribbean.org\/wp-content\/uploads\/2024\/02\/43-DSCF4697-300x200.jpg 300w, https:\/\/ifescaribbean.org\/wp-content\/uploads\/2024\/02\/43-DSCF4697-768x512.jpg 768w, https:\/\/ifescaribbean.org\/wp-content\/uploads\/2024\/02\/43-DSCF4697-1536x1024.jpg 1536w, https:\/\/ifescaribbean.org\/wp-content\/uploads\/2024\/02\/43-DSCF4697-2048x1365.jpg 2048w\" sizes=\"(max-width: 1024px) 100vw, 1024px\" \/><\/noscript><\/figure>\n<\/div>\n\n<div class=\"wp-block block-core-paragraph\">\n<p class=\"has-md-font-size\">Les \u00e9tudiants et \u00e9quipiers seront jumel\u00e9s avec un mentor pour un programme de mentorat de 12 semaines qui vise \u00e0 les guider et \u00e0 les soutenir dans les diff\u00e9rents domaines de leur vie.<\/p>\n<\/div><\/div><\/div>\n<\/div><\/div>\n<\/div><\/div>\n\n<div class=\"wp-block block-core-group alignfull\">\n<div class=\"wp-block-group alignfull has-white-dark-background-color has-background\"><div class=\"wp-block-group__inner-container is-layout-constrained wp-block-group-is-layout-constrained\"><div class=\"wp-block block-core-heading\">\n<h2 class=\"wp-block-heading has-text-align-left has-primary-color has-text-color\" id=\"who-are-we\">Co\u00fbt de la conf\u00e9rence (en pr\u00e9sentiel)<\/h2>\n<\/div>\n\n<div class=\"wp-block block-core-paragraph\">\n<p class=\"has-md-font-size\">Le<strong> co\u00fbt de la conf\u00e9rence<\/strong> pour un participant est de <strong>250 $US<\/strong>. Nous avons estim\u00e9 <em>une moyenne de <\/em><strong>500 $US<\/strong> pour financer le<strong> billet d&rsquo;avion<\/strong> d&rsquo;un participant. <\/p>\n<\/div>\n\n<div class=\"wp-block block-core-paragraph\">\n<p class=\"has-md-font-size\">Si vous souhaitez aider un \u00e9tudiant ou un \u00e9quipier (staff) \u00e0 rejoindre CARIFES Academy, vous pouvez faire un don en cliquant sur le bouton FAIRE UN DON ci-dessous.<\/p>\n<\/div>\n\n<div class=\"wp-block block-acf-spacer\">\n<div id=\"spacer-block_14d73a1ed57a4e5a673dbf1419922014\" class=\"\">\n    <div aria-hidden=\"true\" class=\"wp-block-spacer spacer--md\"><\/div>\n<\/div>\n<\/div>\n\n<div class=\"wp-block block-acf-ifesbutton\">\n<div class=\"\">\n    <a id=\"btn-block_654383e721206ec9ad3b7af0d5f6e073\" target=\"\" href=\"https:\/\/ifesworld.org\/fr\/donner\/?fund=CR000_PACAD&#038;source=REGFR\" class=\"btn btn--secondary\">\n        <span>\n        FAIRE UN DON        <\/span>\n    <\/a>\n<\/div>\n\n<\/div><\/div>\n<\/div><\/div>","protected":false},"excerpt":{"rendered":"<p>Qu&rsquo;est-ce que CARIFES ACADEMY? CARIFES Academy est la formation r\u00e9gionale de IFES CARA\u00cfBE pour les \u00e9tudiants et \u00e9quipiers (staffs). Cette acad\u00e9mie jouera un r\u00f4le de soutien aux mouvements nationaux, en aidant \u00e0 \u00e9quiper notre groupe cible avec les outils et les comp\u00e9tences n\u00e9cessaires pour aborder les questions spirituelles, morales, sociales, \u00e9conomiques et culturelles pertinentes de&#8230;<\/p>\n","protected":false},"author":6,"featured_media":2371,"parent":0,"menu_order":0,"comment_status":"closed","ping_status":"closed","template":"","meta":{"inline_featured_image":false,"footnotes":""},"area":[],"theme":[],"class_list":["post-2192","page","type-page","status-publish","has-post-thumbnail","hentry"],"acf":[],"yoast_head":"<!-- This site is optimized with the Yoast SEO plugin v27.5 - https:\/\/yoast.com\/product\/yoast-seo-wordpress\/ -->\n<title>CARIFES ACADEMY 2024 - CARIFES<\/title>\n<meta name=\"robots\" content=\"index, follow, max-snippet:-1, max-image-preview:large, max-video-preview:-1\" \/>\n<link rel=\"canonical\" href=\"https:\/\/ifescaribbean.org\/fr\/carifes-academy-2024\/\" \/>\n<meta property=\"og:locale\" content=\"fr_FR\" \/>\n<meta property=\"og:type\" content=\"article\" \/>\n<meta property=\"og:title\" content=\"CARIFES ACADEMY 2024 - CARIFES\" \/>\n<meta property=\"og:description\" content=\"Qu&rsquo;est-ce que CARIFES ACADEMY? CARIFES Academy est la formation r\u00e9gionale de IFES CARA\u00cfBE pour les \u00e9tudiants et \u00e9quipiers (staffs). Cette acad\u00e9mie jouera un r\u00f4le de soutien aux mouvements nationaux, en aidant \u00e0 \u00e9quiper notre groupe cible avec les outils et les comp\u00e9tences n\u00e9cessaires pour aborder les questions spirituelles, morales, sociales, \u00e9conomiques et culturelles pertinentes de...\" \/>\n<meta property=\"og:url\" content=\"https:\/\/ifescaribbean.org\/fr\/carifes-academy-2024\/\" \/>\n<meta property=\"og:site_name\" content=\"CARIFES\" \/>\n<meta property=\"article:modified_time\" content=\"2024-04-15T18:07:23+00:00\" \/>\n<meta property=\"og:image\" content=\"https:\/\/ifescaribbean.org\/wp-content\/uploads\/2024\/02\/website_3-scaled.jpg\" \/>\n\t<meta property=\"og:image:width\" content=\"2560\" \/>\n\t<meta property=\"og:image:height\" content=\"1047\" \/>\n\t<meta property=\"og:image:type\" content=\"image\/jpeg\" \/>\n<meta name=\"twitter:card\" content=\"summary_large_image\" \/>\n<meta name=\"twitter:label1\" content=\"Dur\u00e9e de lecture estim\u00e9e\" \/>\n\t<meta name=\"twitter:data1\" content=\"3 minutes\" \/>\n<script type=\"application\/ld+json\" class=\"yoast-schema-graph\">{\"@context\":\"https:\\\/\\\/schema.org\",\"@graph\":[{\"@type\":\"WebPage\",\"@id\":\"https:\\\/\\\/ifescaribbean.org\\\/fr\\\/carifes-academy-2024\\\/\",\"url\":\"https:\\\/\\\/ifescaribbean.org\\\/fr\\\/carifes-academy-2024\\\/\",\"name\":\"CARIFES ACADEMY 2024 - CARIFES\",\"isPartOf\":{\"@id\":\"https:\\\/\\\/ifescaribbean.org\\\/fr\\\/#website\"},\"primaryImageOfPage\":{\"@id\":\"https:\\\/\\\/ifescaribbean.org\\\/fr\\\/carifes-academy-2024\\\/#primaryimage\"},\"image\":{\"@id\":\"https:\\\/\\\/ifescaribbean.org\\\/fr\\\/carifes-academy-2024\\\/#primaryimage\"},\"thumbnailUrl\":\"https:\\\/\\\/ifescaribbean.org\\\/wp-content\\\/uploads\\\/2024\\\/02\\\/website_3-scaled.jpg\",\"datePublished\":\"2023-12-25T15:27:08+00:00\",\"dateModified\":\"2024-04-15T18:07:23+00:00\",\"breadcrumb\":{\"@id\":\"https:\\\/\\\/ifescaribbean.org\\\/fr\\\/carifes-academy-2024\\\/#breadcrumb\"},\"inLanguage\":\"fr-FR\",\"potentialAction\":[{\"@type\":\"ReadAction\",\"target\":[\"https:\\\/\\\/ifescaribbean.org\\\/fr\\\/carifes-academy-2024\\\/\"]}]},{\"@type\":\"ImageObject\",\"inLanguage\":\"fr-FR\",\"@id\":\"https:\\\/\\\/ifescaribbean.org\\\/fr\\\/carifes-academy-2024\\\/#primaryimage\",\"url\":\"https:\\\/\\\/ifescaribbean.org\\\/wp-content\\\/uploads\\\/2024\\\/02\\\/website_3-scaled.jpg\",\"contentUrl\":\"https:\\\/\\\/ifescaribbean.org\\\/wp-content\\\/uploads\\\/2024\\\/02\\\/website_3-scaled.jpg\",\"width\":2560,\"height\":1047},{\"@type\":\"BreadcrumbList\",\"@id\":\"https:\\\/\\\/ifescaribbean.org\\\/fr\\\/carifes-academy-2024\\\/#breadcrumb\",\"itemListElement\":[{\"@type\":\"ListItem\",\"position\":1,\"name\":\"Home\",\"item\":\"https:\\\/\\\/ifescaribbean.org\\\/fr\\\/\"},{\"@type\":\"ListItem\",\"position\":2,\"name\":\"CARIFES ACADEMY 2024\"}]},{\"@type\":\"WebSite\",\"@id\":\"https:\\\/\\\/ifescaribbean.org\\\/fr\\\/#website\",\"url\":\"https:\\\/\\\/ifescaribbean.org\\\/fr\\\/\",\"name\":\"CARIFES\",\"description\":\"CARIFES website\",\"publisher\":{\"@id\":\"https:\\\/\\\/ifescaribbean.org\\\/fr\\\/#organization\"},\"inLanguage\":\"fr-FR\"},{\"@type\":\"Organization\",\"@id\":\"https:\\\/\\\/ifescaribbean.org\\\/fr\\\/#organization\",\"name\":\"CARIFES\",\"url\":\"https:\\\/\\\/ifescaribbean.org\\\/fr\\\/\",\"logo\":{\"@type\":\"ImageObject\",\"inLanguage\":\"fr-FR\",\"@id\":\"https:\\\/\\\/ifescaribbean.org\\\/fr\\\/#\\\/schema\\\/logo\\\/image\\\/\",\"url\":\"https:\\\/\\\/ifescaribbean.org\\\/wp-content\\\/uploads\\\/2023\\\/03\\\/IFES-Caraibe-Square.png\",\"contentUrl\":\"https:\\\/\\\/ifescaribbean.org\\\/wp-content\\\/uploads\\\/2023\\\/03\\\/IFES-Caraibe-Square.png\",\"width\":871,\"height\":868,\"caption\":\"CARIFES\"},\"image\":{\"@id\":\"https:\\\/\\\/ifescaribbean.org\\\/fr\\\/#\\\/schema\\\/logo\\\/image\\\/\"}}]}<\/script>\n<!-- \/ Yoast SEO plugin. -->","yoast_head_json":{"title":"CARIFES ACADEMY 2024 - CARIFES","robots":{"index":"index","follow":"follow","max-snippet":"max-snippet:-1","max-image-preview":"max-image-preview:large","max-video-preview":"max-video-preview:-1"},"canonical":"https:\/\/ifescaribbean.org\/fr\/carifes-academy-2024\/","og_locale":"fr_FR","og_type":"article","og_title":"CARIFES ACADEMY 2024 - CARIFES","og_description":"Qu&rsquo;est-ce que CARIFES ACADEMY? CARIFES Academy est la formation r\u00e9gionale de IFES CARA\u00cfBE pour les \u00e9tudiants et \u00e9quipiers (staffs). Cette acad\u00e9mie jouera un r\u00f4le de soutien aux mouvements nationaux, en aidant \u00e0 \u00e9quiper notre groupe cible avec les outils et les comp\u00e9tences n\u00e9cessaires pour aborder les questions spirituelles, morales, sociales, \u00e9conomiques et culturelles pertinentes de...","og_url":"https:\/\/ifescaribbean.org\/fr\/carifes-academy-2024\/","og_site_name":"CARIFES","article_modified_time":"2024-04-15T18:07:23+00:00","og_image":[{"width":2560,"height":1047,"url":"https:\/\/ifescaribbean.org\/wp-content\/uploads\/2024\/02\/website_3-scaled.jpg","type":"image\/jpeg"}],"twitter_card":"summary_large_image","twitter_misc":{"Dur\u00e9e de lecture estim\u00e9e":"3 minutes"},"schema":{"@context":"https:\/\/schema.org","@graph":[{"@type":"WebPage","@id":"https:\/\/ifescaribbean.org\/fr\/carifes-academy-2024\/","url":"https:\/\/ifescaribbean.org\/fr\/carifes-academy-2024\/","name":"CARIFES ACADEMY 2024 - CARIFES","isPartOf":{"@id":"https:\/\/ifescaribbean.org\/fr\/#website"},"primaryImageOfPage":{"@id":"https:\/\/ifescaribbean.org\/fr\/carifes-academy-2024\/#primaryimage"},"image":{"@id":"https:\/\/ifescaribbean.org\/fr\/carifes-academy-2024\/#primaryimage"},"thumbnailUrl":"https:\/\/ifescaribbean.org\/wp-content\/uploads\/2024\/02\/website_3-scaled.jpg","datePublished":"2023-12-25T15:27:08+00:00","dateModified":"2024-04-15T18:07:23+00:00","breadcrumb":{"@id":"https:\/\/ifescaribbean.org\/fr\/carifes-academy-2024\/#breadcrumb"},"inLanguage":"fr-FR","potentialAction":[{"@type":"ReadAction","target":["https:\/\/ifescaribbean.org\/fr\/carifes-academy-2024\/"]}]},{"@type":"ImageObject","inLanguage":"fr-FR","@id":"https:\/\/ifescaribbean.org\/fr\/carifes-academy-2024\/#primaryimage","url":"https:\/\/ifescaribbean.org\/wp-content\/uploads\/2024\/02\/website_3-scaled.jpg","contentUrl":"https:\/\/ifescaribbean.org\/wp-content\/uploads\/2024\/02\/website_3-scaled.jpg","width":2560,"height":1047},{"@type":"BreadcrumbList","@id":"https:\/\/ifescaribbean.org\/fr\/carifes-academy-2024\/#breadcrumb","itemListElement":[{"@type":"ListItem","position":1,"name":"Home","item":"https:\/\/ifescaribbean.org\/fr\/"},{"@type":"ListItem","position":2,"name":"CARIFES ACADEMY 2024"}]},{"@type":"WebSite","@id":"https:\/\/ifescaribbean.org\/fr\/#website","url":"https:\/\/ifescaribbean.org\/fr\/","name":"CARIFES","description":"CARIFES website","publisher":{"@id":"https:\/\/ifescaribbean.org\/fr\/#organization"},"inLanguage":"fr-FR"},{"@type":"Organization","@id":"https:\/\/ifescaribbean.org\/fr\/#organization","name":"CARIFES","url":"https:\/\/ifescaribbean.org\/fr\/","logo":{"@type":"ImageObject","inLanguage":"fr-FR","@id":"https:\/\/ifescaribbean.org\/fr\/#\/schema\/logo\/image\/","url":"https:\/\/ifescaribbean.org\/wp-content\/uploads\/2023\/03\/IFES-Caraibe-Square.png","contentUrl":"https:\/\/ifescaribbean.org\/wp-content\/uploads\/2023\/03\/IFES-Caraibe-Square.png","width":871,"height":868,"caption":"CARIFES"},"image":{"@id":"https:\/\/ifescaribbean.org\/fr\/#\/schema\/logo\/image\/"}}]}},"_links":{"self":[{"href":"https:\/\/ifescaribbean.org\/fr\/wp-json\/wp\/v2\/pages\/2192","targetHints":{"allow":["GET"]}}],"collection":[{"href":"https:\/\/ifescaribbean.org\/fr\/wp-json\/wp\/v2\/pages"}],"about":[{"href":"https:\/\/ifescaribbean.org\/fr\/wp-json\/wp\/v2\/types\/page"}],"author":[{"embeddable":true,"href":"https:\/\/ifescaribbean.org\/fr\/wp-json\/wp\/v2\/users\/6"}],"replies":[{"embeddable":true,"href":"https:\/\/ifescaribbean.org\/fr\/wp-json\/wp\/v2\/comments?post=2192"}],"version-history":[{"count":22,"href":"https:\/\/ifescaribbean.org\/fr\/wp-json\/wp\/v2\/pages\/2192\/revisions"}],"predecessor-version":[{"id":2465,"href":"https:\/\/ifescaribbean.org\/fr\/wp-json\/wp\/v2\/pages\/2192\/revisions\/2465"}],"wp:featuredmedia":[{"embeddable":true,"href":"https:\/\/ifescaribbean.org\/fr\/wp-json\/wp\/v2\/media\/2371"}],"wp:attachment":[{"href":"https:\/\/ifescaribbean.org\/fr\/wp-json\/wp\/v2\/media?parent=2192"}],"wp:term":[{"taxonomy":"area","embeddable":true,"href":"https:\/\/ifescaribbean.org\/fr\/wp-json\/wp\/v2\/area?post=2192"},{"taxonomy":"theme","embeddable":true,"href":"https:\/\/ifescaribbean.org\/fr\/wp-json\/wp\/v2\/theme?post=2192"}],"curies":[{"name":"wp","href":"https:\/\/api.w.org\/{rel}","templated":true}]}}