{"id":2469,"date":"2024-04-27T16:36:20","date_gmt":"2024-04-27T15:36:20","guid":{"rendered":"https:\/\/ifescaribbean.org\/?page_id=2469"},"modified":"2024-05-29T15:26:47","modified_gmt":"2024-05-29T14:26:47","slug":"40-jours-de-priere-2024","status":"publish","type":"page","link":"https:\/\/ifescaribbean.org\/fr\/40-jours-de-priere-2024\/","title":{"rendered":"40 jours de pri\u00e8re 2024"},"content":{"rendered":"<div class=\"wp-block block-core-group alignfull\">\n<div class=\"wp-block-group alignfull has-caribbean-background-color has-background\"><div class=\"wp-block-group__inner-container is-layout-constrained wp-block-group-is-layout-constrained\"><div class=\"wp-block block-core-heading alignfull\">\n<h1 class=\"wp-block-heading alignfull has-text-align-center has-caribbean-background-color has-background has-xxl-font-size\">Th\u00c8me: Le Lieu secret<\/h1>\n<\/div><\/div>\n<\/div><\/div>\n\n<div class=\"wp-block block-core-group alignfull\">\n<div class=\"wp-block-group alignfull has-primary-background-color has-background\"><div class=\"wp-block-group__inner-container is-layout-constrained wp-block-group-is-layout-constrained\"><div class=\"wp-block block-core-heading\">\n<h2 class=\"wp-block-heading has-text-align-center has-accent-color has-text-color\">L&rsquo;\u00e9dition 2024 des 40 jours de pri\u00e8re est maintenant l\u00e0!<\/h2>\n<\/div>\n\n<div class=\"wp-block block-core-paragraph aligncenter\">\n<p class=\"has-text-align-center has-white-color has-text-color\">Nous nous sommes r\u00e9unis chaque semaine en ligne \u00e0 partir du dimanche 28 avril, puis tous les jeudis jusqu&rsquo;au 6 juin, pour prier avec la r\u00e9gion Cara\u00efbe.<\/p>\n<\/div><\/div>\n<\/div><\/div>\n\n<div class=\"wp-block block-core-group alignfull\">\n<div class=\"wp-block-group alignfull has-accent-background-color has-background\"><div class=\"wp-block-group__inner-container is-layout-constrained wp-block-group-is-layout-constrained\"><div class=\"wp-block block-core-paragraph aligncenter\">\n<p class=\"has-text-align-center has-caribbean-color has-text-color has-md-font-size\"><em>9Voici donc comment vous devez prier:&nbsp;Notre P\u00e8re qui es aux cieux! Que ton nom soit sanctifi\u00e9;&nbsp;10que ton r\u00e8gne vienne; que ta volont\u00e9 soit faite sur la terre comme au ciel.&nbsp;11Donne-nous aujourd\u2019hui notre pain quotidien;&nbsp;12pardonne-nous nos offenses, comme nous aussi nous pardonnons \u00e0 ceux qui nous ont offens\u00e9s;&nbsp;13ne nous induis pas en tentation, mais d\u00e9livre-nous du&nbsp;malin. Car c\u2019est \u00e0 toi qu\u2019appartiennent, dans tous les si\u00e8cles, le r\u00e8gne, la puissance et la gloire. Amen!<\/em><\/p>\n<\/div>\n\n<div class=\"wp-block block-core-paragraph aligncenter\">\n<p class=\"has-text-align-center has-caribbean-color has-text-color has-lg-font-size\">Matthieu : 9-13 (LSG)<\/p>\n<\/div><\/div>\n<\/div><\/div>\n\n<div class=\"wp-block block-core-group alignfull\">\n<div class=\"wp-block-group alignfull has-accent-light-background-color has-background\"><div class=\"wp-block-group__inner-container is-layout-constrained wp-block-group-is-layout-constrained\"><div class=\"wp-block block-core-heading alignfull\">\n<h2 class=\"wp-block-heading alignfull has-text-align-center has-primary-color has-text-color has-xl-font-size\" style=\"font-style:normal;font-weight:700\"> REQU\u00caTES DE PRI\u00c8RE :<\/h2>\n<\/div>\n\n<div class=\"wp-block block-core-heading\">\n<h3 class=\"wp-block-heading has-text-align-center has-white-color has-text-color\">Vous pouvez aussi visionner toutes les requ\u00eates de pri\u00e8re :<\/h3>\n<\/div>\n\n<div class=\"wp-block block-acf-ifesbutton aligncenter\">\n<div class=\"aligncenter\">\n    <a id=\"btn-block_af304735b85a68ae00e43a6a0d370c6a\" target=\"_blank\" href=\"https:\/\/mailchi.mp\/ifesworld\/40-jjours-de-prire-requtes-de-prire-de-la-semaine-1?e=c0efd18ed8\" class=\"btn btn--tertiary\">\n        <span>\n        Semaine 1  &#8211; Requ\u00eates de pri\u00e8re        <\/span>\n    <\/a>\n<\/div>\n\n<\/div>\n\n<div class=\"wp-block block-acf-ifesbutton aligncenter\">\n<div class=\"aligncenter\">\n    <a id=\"btn-block_226002d7387c0ec4ab3dcf5ef16371ef\" target=\"_blank\" href=\"https:\/\/mailchi.mp\/ifesworld\/40-jours-de-prire-requtes-de-prire-de-la-semaine-2?e=c0efd18ed8\" class=\"btn btn--tertiary\">\n        <span>\n        Semaine 2  &#8211; Requ\u00eates de pri\u00e8re        <\/span>\n    <\/a>\n<\/div>\n\n<\/div>\n\n<div class=\"wp-block block-acf-ifesbutton aligncenter\">\n<div class=\"aligncenter\">\n    <a id=\"btn-block_e3286f93bbde893d1d11b6f5c306ac66\" target=\"_blank\" href=\"https:\/\/mailchi.mp\/ifesworld\/40-jours-de-prire-requtes-de-prire-de-la-semaine-3\" class=\"btn btn--tertiary\">\n        <span>\n        Semaine 3  &#8211; Requ\u00eates de pri\u00e8re        <\/span>\n    <\/a>\n<\/div>\n\n<\/div>\n\n<div class=\"wp-block block-acf-ifesbutton aligncenter\">\n<div class=\"aligncenter\">\n    <a id=\"btn-block_474eb495ebdeaa66b2c3abd5a58722f0\" target=\"_blank\" href=\"https:\/\/mailchi.mp\/ifesworld\/40-jours-de-prire-requtes-de-prire-de-la-semaine-3-qg4az91v1f\" class=\"btn btn--tertiary\">\n        <span>\n        Semaine 4   &#8211; Requ\u00eates de pri\u00e8re        <\/span>\n    <\/a>\n<\/div>\n\n<\/div>\n\n<div class=\"wp-block block-acf-ifesbutton aligncenter\">\n<div class=\"aligncenter\">\n    <a id=\"btn-block_36a6628ef7c09a0aa197cb5b8cd60a29\" target=\"_blank\" href=\"https:\/\/mailchi.mp\/ifesworld\/40-jours-de-prire-requtes-de-prire-de-la-semaine-5?e=c0efd18ed8\" class=\"btn btn--tertiary\">\n        <span>\n        Semaine 5   &#8211; Requ\u00eates de pri\u00e8re        <\/span>\n    <\/a>\n<\/div>\n\n<\/div><\/div>\n<\/div><\/div>\n\n<div class=\"wp-block block-core-group alignfull\">\n<div class=\"wp-block-group alignfull has-primary-background-color has-background\"><div class=\"wp-block-group__inner-container is-layout-constrained wp-block-group-is-layout-constrained\"><div class=\"wp-block block-core-heading\">\n<h2 class=\"wp-block-heading has-text-align-center has-white-color has-text-color\">Vous souhaitez \u00eatre inform\u00e9 de nos prochaines rencontres r\u00e9gionales de pri\u00e8re et autres \u00e9v\u00e9nements ?<\/h2>\n<\/div>\n\n<div class=\"wp-block block-core-paragraph aligncenter\">\n<p class=\"has-text-align-center has-white-color has-text-color\">Vous pouvez rejoindre notre liste de diffusion ou nous suivre sur les r\u00e9seaux sociaux pour \u00eatre inform\u00e9 quand aux prochaines rencontres r\u00e9gionales et pour obtenir plus d&rsquo;informations.<\/p>\n<\/div>\n\n<div class=\"wp-block block-acf-ifesbutton aligncenter\">\n<div class=\"aligncenter\">\n    <a id=\"btn-block_485ce026cb2f7829cad6f2f439c048e1\" target=\"_blank\" href=\"http:\/\/eepurl.com\/gGM27X\" class=\"btn btn--primary\">\n        <span>\n        REJOINDRE NOTRE LISTE DE DIFFUSION        <\/span>\n    <\/a>\n<\/div>\n\n<\/div><\/div>\n<\/div><\/div>\n\n<div class=\"wp-block block-core-group alignfull\">\n<div class=\"wp-block-group alignfull has-caribbean-background-color has-background\"><div class=\"wp-block-group__inner-container is-layout-constrained wp-block-group-is-layout-constrained\"><div class=\"wp-block block-core-heading\">\n<h2 class=\"wp-block-heading has-text-align-center has-primary-color has-text-color\">SUIVRE @IFESCARIBBEAN SUR LES R\u00c9SEAUX SOCIAUX<\/h2>\n<\/div>\n\n<div class=\"wp-block block-acf-spacer\">\n<div id=\"spacer-block_9c6b56d3cb6e73f6e5286e05fcff3337\" class=\"\">\n    <div aria-hidden=\"true\" class=\"wp-block-spacer spacer--md\"><\/div>\n<\/div>\n<\/div>\n\n<div class=\"wp-block block-core-columns\">\n<div class=\"wp-block-columns is-layout-flex wp-container-core-columns-is-layout-9d6595d7 wp-block-columns-is-layout-flex\">\n<div class=\"wp-block-column is-vertically-aligned-center is-layout-flow wp-block-column-is-layout-flow\"><div class=\"wp-block block-core-social-links aligncenter is-style-logos-only\">\n<ul class=\"wp-block-social-links aligncenter has-huge-icon-size is-style-logos-only is-horizontal is-content-justification-center is-nowrap is-layout-flex wp-container-core-social-links-is-layout-fc65f29c wp-block-social-links-is-layout-flex\"><div class=\"wp-block block-core-social-link\"><li class=\"wp-social-link wp-social-link-facebook  wp-block-social-link\"><a rel=\"noopener nofollow\" target=\"_blank\" href=\"https:\/\/www.facebook.com\/ifescaribbean\/\" class=\"wp-block-social-link-anchor\"><svg width=\"24\" height=\"24\" viewBox=\"0 0 24 24\" version=\"1.1\" xmlns=\"http:\/\/www.w3.org\/2000\/svg\" aria-hidden=\"true\" focusable=\"false\"><path d=\"M12 2C6.5 2 2 6.5 2 12c0 5 3.7 9.1 8.4 9.9v-7H7.9V12h2.5V9.8c0-2.5 1.5-3.9 3.8-3.9 1.1 0 2.2.2 2.2.2v2.5h-1.3c-1.2 0-1.6.8-1.6 1.6V12h2.8l-.4 2.9h-2.3v7C18.3 21.1 22 17 22 12c0-5.5-4.5-10-10-10z\"><\/path><\/svg><span class=\"wp-block-social-link-label screen-reader-text\">Facebook<\/span><\/a><\/li><\/div>\n\n<div class=\"wp-block block-core-social-link\"><li class=\"wp-social-link wp-social-link-instagram  wp-block-social-link\"><a rel=\"noopener nofollow\" target=\"_blank\" href=\"https:\/\/www.instagram.com\/ifescaribbean\/\" class=\"wp-block-social-link-anchor\"><svg width=\"24\" height=\"24\" viewBox=\"0 0 24 24\" version=\"1.1\" xmlns=\"http:\/\/www.w3.org\/2000\/svg\" aria-hidden=\"true\" focusable=\"false\"><path d=\"M12,4.622c2.403,0,2.688,0.009,3.637,0.052c0.877,0.04,1.354,0.187,1.671,0.31c0.42,0.163,0.72,0.358,1.035,0.673 c0.315,0.315,0.51,0.615,0.673,1.035c0.123,0.317,0.27,0.794,0.31,1.671c0.043,0.949,0.052,1.234,0.052,3.637 s-0.009,2.688-0.052,3.637c-0.04,0.877-0.187,1.354-0.31,1.671c-0.163,0.42-0.358,0.72-0.673,1.035 c-0.315,0.315-0.615,0.51-1.035,0.673c-0.317,0.123-0.794,0.27-1.671,0.31c-0.949,0.043-1.233,0.052-3.637,0.052 s-2.688-0.009-3.637-0.052c-0.877-0.04-1.354-0.187-1.671-0.31c-0.42-0.163-0.72-0.358-1.035-0.673 c-0.315-0.315-0.51-0.615-0.673-1.035c-0.123-0.317-0.27-0.794-0.31-1.671C4.631,14.688,4.622,14.403,4.622,12 s0.009-2.688,0.052-3.637c0.04-0.877,0.187-1.354,0.31-1.671c0.163-0.42,0.358-0.72,0.673-1.035 c0.315-0.315,0.615-0.51,1.035-0.673c0.317-0.123,0.794-0.27,1.671-0.31C9.312,4.631,9.597,4.622,12,4.622 M12,3 C9.556,3,9.249,3.01,8.289,3.054C7.331,3.098,6.677,3.25,6.105,3.472C5.513,3.702,5.011,4.01,4.511,4.511 c-0.5,0.5-0.808,1.002-1.038,1.594C3.25,6.677,3.098,7.331,3.054,8.289C3.01,9.249,3,9.556,3,12c0,2.444,0.01,2.751,0.054,3.711 c0.044,0.958,0.196,1.612,0.418,2.185c0.23,0.592,0.538,1.094,1.038,1.594c0.5,0.5,1.002,0.808,1.594,1.038 c0.572,0.222,1.227,0.375,2.185,0.418C9.249,20.99,9.556,21,12,21s2.751-0.01,3.711-0.054c0.958-0.044,1.612-0.196,2.185-0.418 c0.592-0.23,1.094-0.538,1.594-1.038c0.5-0.5,0.808-1.002,1.038-1.594c0.222-0.572,0.375-1.227,0.418-2.185 C20.99,14.751,21,14.444,21,12s-0.01-2.751-0.054-3.711c-0.044-0.958-0.196-1.612-0.418-2.185c-0.23-0.592-0.538-1.094-1.038-1.594 c-0.5-0.5-1.002-0.808-1.594-1.038c-0.572-0.222-1.227-0.375-2.185-0.418C14.751,3.01,14.444,3,12,3L12,3z M12,7.378 c-2.552,0-4.622,2.069-4.622,4.622S9.448,16.622,12,16.622s4.622-2.069,4.622-4.622S14.552,7.378,12,7.378z M12,15 c-1.657,0-3-1.343-3-3s1.343-3,3-3s3,1.343,3,3S13.657,15,12,15z M16.804,6.116c-0.596,0-1.08,0.484-1.08,1.08 s0.484,1.08,1.08,1.08c0.596,0,1.08-0.484,1.08-1.08S17.401,6.116,16.804,6.116z\"><\/path><\/svg><span class=\"wp-block-social-link-label screen-reader-text\">Instagram<\/span><\/a><\/li><\/div>\n\n<div class=\"wp-block block-core-social-link\"><li class=\"wp-social-link wp-social-link-twitter  wp-block-social-link\"><a rel=\"noopener nofollow\" target=\"_blank\" href=\"https:\/\/twitter.com\/CARIFES\" class=\"wp-block-social-link-anchor\"><svg width=\"24\" height=\"24\" viewBox=\"0 0 24 24\" version=\"1.1\" xmlns=\"http:\/\/www.w3.org\/2000\/svg\" aria-hidden=\"true\" focusable=\"false\"><path d=\"M22.23,5.924c-0.736,0.326-1.527,0.547-2.357,0.646c0.847-0.508,1.498-1.312,1.804-2.27 c-0.793,0.47-1.671,0.812-2.606,0.996C18.324,4.498,17.257,4,16.077,4c-2.266,0-4.103,1.837-4.103,4.103 c0,0.322,0.036,0.635,0.106,0.935C8.67,8.867,5.647,7.234,3.623,4.751C3.27,5.357,3.067,6.062,3.067,6.814 c0,1.424,0.724,2.679,1.825,3.415c-0.673-0.021-1.305-0.206-1.859-0.513c0,0.017,0,0.034,0,0.052c0,1.988,1.414,3.647,3.292,4.023 c-0.344,0.094-0.707,0.144-1.081,0.144c-0.264,0-0.521-0.026-0.772-0.074c0.522,1.63,2.038,2.816,3.833,2.85 c-1.404,1.1-3.174,1.756-5.096,1.756c-0.331,0-0.658-0.019-0.979-0.057c1.816,1.164,3.973,1.843,6.29,1.843 c7.547,0,11.675-6.252,11.675-11.675c0-0.178-0.004-0.355-0.012-0.531C20.985,7.47,21.68,6.747,22.23,5.924z\"><\/path><\/svg><span class=\"wp-block-social-link-label screen-reader-text\">Twitter<\/span><\/a><\/li><\/div>\n\n<div class=\"wp-block block-core-social-link\"><li class=\"wp-social-link wp-social-link-youtube  wp-block-social-link\"><a rel=\"noopener nofollow\" target=\"_blank\" href=\"https:\/\/www.youtube.com\/channel\/UCZju8ZIxm4omn0JdsIkmfEQ\" class=\"wp-block-social-link-anchor\"><svg width=\"24\" height=\"24\" viewBox=\"0 0 24 24\" version=\"1.1\" xmlns=\"http:\/\/www.w3.org\/2000\/svg\" aria-hidden=\"true\" focusable=\"false\"><path d=\"M21.8,8.001c0,0-0.195-1.378-0.795-1.985c-0.76-0.797-1.613-0.801-2.004-0.847c-2.799-0.202-6.997-0.202-6.997-0.202 h-0.009c0,0-4.198,0-6.997,0.202C4.608,5.216,3.756,5.22,2.995,6.016C2.395,6.623,2.2,8.001,2.2,8.001S2,9.62,2,11.238v1.517 c0,1.618,0.2,3.237,0.2,3.237s0.195,1.378,0.795,1.985c0.761,0.797,1.76,0.771,2.205,0.855c1.6,0.153,6.8,0.201,6.8,0.201 s4.203-0.006,7.001-0.209c0.391-0.047,1.243-0.051,2.004-0.847c0.6-0.607,0.795-1.985,0.795-1.985s0.2-1.618,0.2-3.237v-1.517 C22,9.62,21.8,8.001,21.8,8.001z M9.935,14.594l-0.001-5.62l5.404,2.82L9.935,14.594z\"><\/path><\/svg><span class=\"wp-block-social-link-label screen-reader-text\">YouTube<\/span><\/a><\/li><\/div><\/ul>\n<\/div><\/div>\n<\/div>\n<\/div>\n\n<div class=\"wp-block block-core-heading\">\n<h3 class=\"wp-block-heading has-text-align-center has-primary-color has-text-color\"><strong>#IFESCARIBBEAN<\/strong><\/h3>\n<\/div>\n\n<div class=\"wp-block block-acf-spacer\">\n<div id=\"spacer-block_bf11f8864acb5186c29d94849fc36b1a\" class=\"\">\n    <div aria-hidden=\"true\" class=\"wp-block-spacer spacer--xl\"><\/div>\n<\/div>\n<\/div><\/div>\n<\/div><\/div>","protected":false},"excerpt":{"rendered":"<p>Th\u00c8me: Le Lieu secret L&rsquo;\u00e9dition 2024 des 40 jours de pri\u00e8re est maintenant l\u00e0! Nous nous sommes r\u00e9unis chaque semaine en ligne \u00e0 partir du dimanche 28 avril, puis tous les jeudis jusqu&rsquo;au 6 juin, pour prier avec la r\u00e9gion Cara\u00efbe. 9Voici donc comment vous devez prier:&nbsp;Notre P\u00e8re qui es aux cieux! Que ton nom&#8230;<\/p>\n","protected":false},"author":6,"featured_media":2472,"parent":0,"menu_order":0,"comment_status":"closed","ping_status":"closed","template":"","meta":{"inline_featured_image":false,"footnotes":""},"area":[],"theme":[],"class_list":["post-2469","page","type-page","status-publish","has-post-thumbnail","hentry"],"acf":[],"yoast_head":"<!-- This site is optimized with the Yoast SEO plugin v27.5 - https:\/\/yoast.com\/product\/yoast-seo-wordpress\/ -->\n<title>40 jours de pri\u00e8re 2024 - CARIFES<\/title>\n<meta name=\"robots\" content=\"index, follow, max-snippet:-1, max-image-preview:large, max-video-preview:-1\" \/>\n<link rel=\"canonical\" href=\"https:\/\/ifescaribbean.org\/fr\/40-jours-de-priere-2024\/\" \/>\n<meta property=\"og:locale\" content=\"fr_FR\" \/>\n<meta property=\"og:type\" content=\"article\" \/>\n<meta property=\"og:title\" content=\"40 jours de pri\u00e8re 2024 - CARIFES\" \/>\n<meta property=\"og:description\" content=\"Th\u00c8me: Le Lieu secret L&rsquo;\u00e9dition 2024 des 40 jours de pri\u00e8re est maintenant l\u00e0! Nous nous sommes r\u00e9unis chaque semaine en ligne \u00e0 partir du dimanche 28 avril, puis tous les jeudis jusqu&rsquo;au 6 juin, pour prier avec la r\u00e9gion Cara\u00efbe. 9Voici donc comment vous devez prier:&nbsp;Notre P\u00e8re qui es aux cieux! Que ton nom...\" \/>\n<meta property=\"og:url\" content=\"https:\/\/ifescaribbean.org\/fr\/40-jours-de-priere-2024\/\" \/>\n<meta property=\"og:site_name\" content=\"CARIFES\" \/>\n<meta property=\"article:modified_time\" content=\"2024-05-29T14:26:47+00:00\" \/>\n<meta property=\"og:image\" content=\"https:\/\/ifescaribbean.org\/wp-content\/uploads\/2024\/04\/40_days_of_prayer_2024_photo-e1715283465364.jpg\" \/>\n\t<meta property=\"og:image:width\" content=\"516\" \/>\n\t<meta property=\"og:image:height\" content=\"619\" \/>\n\t<meta property=\"og:image:type\" content=\"image\/jpeg\" \/>\n<meta name=\"twitter:card\" content=\"summary_large_image\" \/>\n<meta name=\"twitter:label1\" content=\"Dur\u00e9e de lecture estim\u00e9e\" \/>\n\t<meta name=\"twitter:data1\" content=\"2 minutes\" \/>\n<script type=\"application\/ld+json\" class=\"yoast-schema-graph\">{\"@context\":\"https:\\\/\\\/schema.org\",\"@graph\":[{\"@type\":\"WebPage\",\"@id\":\"https:\\\/\\\/ifescaribbean.org\\\/fr\\\/40-jours-de-priere-2024\\\/\",\"url\":\"https:\\\/\\\/ifescaribbean.org\\\/fr\\\/40-jours-de-priere-2024\\\/\",\"name\":\"40 jours de pri\u00e8re 2024 - CARIFES\",\"isPartOf\":{\"@id\":\"https:\\\/\\\/ifescaribbean.org\\\/fr\\\/#website\"},\"primaryImageOfPage\":{\"@id\":\"https:\\\/\\\/ifescaribbean.org\\\/fr\\\/40-jours-de-priere-2024\\\/#primaryimage\"},\"image\":{\"@id\":\"https:\\\/\\\/ifescaribbean.org\\\/fr\\\/40-jours-de-priere-2024\\\/#primaryimage\"},\"thumbnailUrl\":\"https:\\\/\\\/ifescaribbean.org\\\/wp-content\\\/uploads\\\/2024\\\/04\\\/40_days_of_prayer_2024_photo-e1715283465364.jpg\",\"datePublished\":\"2024-04-27T15:36:20+00:00\",\"dateModified\":\"2024-05-29T14:26:47+00:00\",\"breadcrumb\":{\"@id\":\"https:\\\/\\\/ifescaribbean.org\\\/fr\\\/40-jours-de-priere-2024\\\/#breadcrumb\"},\"inLanguage\":\"fr-FR\",\"potentialAction\":[{\"@type\":\"ReadAction\",\"target\":[\"https:\\\/\\\/ifescaribbean.org\\\/fr\\\/40-jours-de-priere-2024\\\/\"]}]},{\"@type\":\"ImageObject\",\"inLanguage\":\"fr-FR\",\"@id\":\"https:\\\/\\\/ifescaribbean.org\\\/fr\\\/40-jours-de-priere-2024\\\/#primaryimage\",\"url\":\"https:\\\/\\\/ifescaribbean.org\\\/wp-content\\\/uploads\\\/2024\\\/04\\\/40_days_of_prayer_2024_photo-e1715283465364.jpg\",\"contentUrl\":\"https:\\\/\\\/ifescaribbean.org\\\/wp-content\\\/uploads\\\/2024\\\/04\\\/40_days_of_prayer_2024_photo-e1715283465364.jpg\",\"width\":516,\"height\":619},{\"@type\":\"BreadcrumbList\",\"@id\":\"https:\\\/\\\/ifescaribbean.org\\\/fr\\\/40-jours-de-priere-2024\\\/#breadcrumb\",\"itemListElement\":[{\"@type\":\"ListItem\",\"position\":1,\"name\":\"Home\",\"item\":\"https:\\\/\\\/ifescaribbean.org\\\/fr\\\/\"},{\"@type\":\"ListItem\",\"position\":2,\"name\":\"40 jours de pri\u00e8re 2024\"}]},{\"@type\":\"WebSite\",\"@id\":\"https:\\\/\\\/ifescaribbean.org\\\/fr\\\/#website\",\"url\":\"https:\\\/\\\/ifescaribbean.org\\\/fr\\\/\",\"name\":\"CARIFES\",\"description\":\"CARIFES website\",\"publisher\":{\"@id\":\"https:\\\/\\\/ifescaribbean.org\\\/fr\\\/#organization\"},\"inLanguage\":\"fr-FR\"},{\"@type\":\"Organization\",\"@id\":\"https:\\\/\\\/ifescaribbean.org\\\/fr\\\/#organization\",\"name\":\"CARIFES\",\"url\":\"https:\\\/\\\/ifescaribbean.org\\\/fr\\\/\",\"logo\":{\"@type\":\"ImageObject\",\"inLanguage\":\"fr-FR\",\"@id\":\"https:\\\/\\\/ifescaribbean.org\\\/fr\\\/#\\\/schema\\\/logo\\\/image\\\/\",\"url\":\"https:\\\/\\\/ifescaribbean.org\\\/wp-content\\\/uploads\\\/2023\\\/03\\\/IFES-Caraibe-Square.png\",\"contentUrl\":\"https:\\\/\\\/ifescaribbean.org\\\/wp-content\\\/uploads\\\/2023\\\/03\\\/IFES-Caraibe-Square.png\",\"width\":871,\"height\":868,\"caption\":\"CARIFES\"},\"image\":{\"@id\":\"https:\\\/\\\/ifescaribbean.org\\\/fr\\\/#\\\/schema\\\/logo\\\/image\\\/\"}}]}<\/script>\n<!-- \/ Yoast SEO plugin. -->","yoast_head_json":{"title":"40 jours de pri\u00e8re 2024 - CARIFES","robots":{"index":"index","follow":"follow","max-snippet":"max-snippet:-1","max-image-preview":"max-image-preview:large","max-video-preview":"max-video-preview:-1"},"canonical":"https:\/\/ifescaribbean.org\/fr\/40-jours-de-priere-2024\/","og_locale":"fr_FR","og_type":"article","og_title":"40 jours de pri\u00e8re 2024 - CARIFES","og_description":"Th\u00c8me: Le Lieu secret L&rsquo;\u00e9dition 2024 des 40 jours de pri\u00e8re est maintenant l\u00e0! Nous nous sommes r\u00e9unis chaque semaine en ligne \u00e0 partir du dimanche 28 avril, puis tous les jeudis jusqu&rsquo;au 6 juin, pour prier avec la r\u00e9gion Cara\u00efbe. 9Voici donc comment vous devez prier:&nbsp;Notre P\u00e8re qui es aux cieux! Que ton nom...","og_url":"https:\/\/ifescaribbean.org\/fr\/40-jours-de-priere-2024\/","og_site_name":"CARIFES","article_modified_time":"2024-05-29T14:26:47+00:00","og_image":[{"width":516,"height":619,"url":"https:\/\/ifescaribbean.org\/wp-content\/uploads\/2024\/04\/40_days_of_prayer_2024_photo-e1715283465364.jpg","type":"image\/jpeg"}],"twitter_card":"summary_large_image","twitter_misc":{"Dur\u00e9e de lecture estim\u00e9e":"2 minutes"},"schema":{"@context":"https:\/\/schema.org","@graph":[{"@type":"WebPage","@id":"https:\/\/ifescaribbean.org\/fr\/40-jours-de-priere-2024\/","url":"https:\/\/ifescaribbean.org\/fr\/40-jours-de-priere-2024\/","name":"40 jours de pri\u00e8re 2024 - CARIFES","isPartOf":{"@id":"https:\/\/ifescaribbean.org\/fr\/#website"},"primaryImageOfPage":{"@id":"https:\/\/ifescaribbean.org\/fr\/40-jours-de-priere-2024\/#primaryimage"},"image":{"@id":"https:\/\/ifescaribbean.org\/fr\/40-jours-de-priere-2024\/#primaryimage"},"thumbnailUrl":"https:\/\/ifescaribbean.org\/wp-content\/uploads\/2024\/04\/40_days_of_prayer_2024_photo-e1715283465364.jpg","datePublished":"2024-04-27T15:36:20+00:00","dateModified":"2024-05-29T14:26:47+00:00","breadcrumb":{"@id":"https:\/\/ifescaribbean.org\/fr\/40-jours-de-priere-2024\/#breadcrumb"},"inLanguage":"fr-FR","potentialAction":[{"@type":"ReadAction","target":["https:\/\/ifescaribbean.org\/fr\/40-jours-de-priere-2024\/"]}]},{"@type":"ImageObject","inLanguage":"fr-FR","@id":"https:\/\/ifescaribbean.org\/fr\/40-jours-de-priere-2024\/#primaryimage","url":"https:\/\/ifescaribbean.org\/wp-content\/uploads\/2024\/04\/40_days_of_prayer_2024_photo-e1715283465364.jpg","contentUrl":"https:\/\/ifescaribbean.org\/wp-content\/uploads\/2024\/04\/40_days_of_prayer_2024_photo-e1715283465364.jpg","width":516,"height":619},{"@type":"BreadcrumbList","@id":"https:\/\/ifescaribbean.org\/fr\/40-jours-de-priere-2024\/#breadcrumb","itemListElement":[{"@type":"ListItem","position":1,"name":"Home","item":"https:\/\/ifescaribbean.org\/fr\/"},{"@type":"ListItem","position":2,"name":"40 jours de pri\u00e8re 2024"}]},{"@type":"WebSite","@id":"https:\/\/ifescaribbean.org\/fr\/#website","url":"https:\/\/ifescaribbean.org\/fr\/","name":"CARIFES","description":"CARIFES website","publisher":{"@id":"https:\/\/ifescaribbean.org\/fr\/#organization"},"inLanguage":"fr-FR"},{"@type":"Organization","@id":"https:\/\/ifescaribbean.org\/fr\/#organization","name":"CARIFES","url":"https:\/\/ifescaribbean.org\/fr\/","logo":{"@type":"ImageObject","inLanguage":"fr-FR","@id":"https:\/\/ifescaribbean.org\/fr\/#\/schema\/logo\/image\/","url":"https:\/\/ifescaribbean.org\/wp-content\/uploads\/2023\/03\/IFES-Caraibe-Square.png","contentUrl":"https:\/\/ifescaribbean.org\/wp-content\/uploads\/2023\/03\/IFES-Caraibe-Square.png","width":871,"height":868,"caption":"CARIFES"},"image":{"@id":"https:\/\/ifescaribbean.org\/fr\/#\/schema\/logo\/image\/"}}]}},"_links":{"self":[{"href":"https:\/\/ifescaribbean.org\/fr\/wp-json\/wp\/v2\/pages\/2469","targetHints":{"allow":["GET"]}}],"collection":[{"href":"https:\/\/ifescaribbean.org\/fr\/wp-json\/wp\/v2\/pages"}],"about":[{"href":"https:\/\/ifescaribbean.org\/fr\/wp-json\/wp\/v2\/types\/page"}],"author":[{"embeddable":true,"href":"https:\/\/ifescaribbean.org\/fr\/wp-json\/wp\/v2\/users\/6"}],"replies":[{"embeddable":true,"href":"https:\/\/ifescaribbean.org\/fr\/wp-json\/wp\/v2\/comments?post=2469"}],"version-history":[{"count":16,"href":"https:\/\/ifescaribbean.org\/fr\/wp-json\/wp\/v2\/pages\/2469\/revisions"}],"predecessor-version":[{"id":2552,"href":"https:\/\/ifescaribbean.org\/fr\/wp-json\/wp\/v2\/pages\/2469\/revisions\/2552"}],"wp:featuredmedia":[{"embeddable":true,"href":"https:\/\/ifescaribbean.org\/fr\/wp-json\/wp\/v2\/media\/2472"}],"wp:attachment":[{"href":"https:\/\/ifescaribbean.org\/fr\/wp-json\/wp\/v2\/media?parent=2469"}],"wp:term":[{"taxonomy":"area","embeddable":true,"href":"https:\/\/ifescaribbean.org\/fr\/wp-json\/wp\/v2\/area?post=2469"},{"taxonomy":"theme","embeddable":true,"href":"https:\/\/ifescaribbean.org\/fr\/wp-json\/wp\/v2\/theme?post=2469"}],"curies":[{"name":"wp","href":"https:\/\/api.w.org\/{rel}","templated":true}]}}