{"id":2759,"date":"2025-10-04T19:34:08","date_gmt":"2025-10-04T18:34:08","guid":{"rendered":"https:\/\/ifescaribbean.org\/?page_id=2759"},"modified":"2026-02-26T21:28:22","modified_gmt":"2026-02-26T21:28:22","slug":"impact-2026","status":"publish","type":"page","link":"https:\/\/ifescaribbean.org\/fr\/impact-2026\/","title":{"rendered":"impact 2026"},"content":{"rendered":"<div class=\"wp-block block-acf-spacer\">\n<div id=\"spacer-block_17a3a311fae7d4893d38fa1ee7cbdf6f\" class=\"\">\n    <div aria-hidden=\"true\" class=\"wp-block-spacer spacer--xl\"><\/div>\n<\/div>\n<\/div>\n\n<div class=\"wp-block block-core-heading wp-elements-25ceedfdc2a9805d15620a476f3d1848\">\n<h1 class=\"wp-block-heading has-accent-light-color has-text-color has-link-color has-xxl-font-size wp-elements-25ceedfdc2a9805d15620a476f3d1848\">QU&rsquo;EST-CE QUE IMPACT 2026 ?<\/h1>\n<\/div>\n\n<div class=\"wp-block block-core-paragraph\">\n<p class=\"has-md-font-size\"><strong>IMPACT 2026<\/strong> est une conf\u00e9rence missionnaire pour la r\u00e9gion Cara\u00efbe. Elle se d\u00e9roulera du <strong><em>6 au 11 ao\u00fbt 2026<\/em><\/strong>, \u00e0 <em><strong>Sainte-Lucie, dans la salle de conf\u00e9rence Bougainvillea de l&rsquo;h\u00f4tel Bay Gardens Hotel.<\/strong><\/em> IMPACT 2026 vise \u00e0 encourager, \u00e9quiper, inspirer et mobiliser, tous les acteurs de la r\u00e9gion et tous les participants au service du Royaume de Dieu. Cette conf\u00e9rence r\u00e9unit les mouvements nationaux de l&rsquo;IFES de la r\u00e9gion Cara\u00efbe, ainsi que des invit\u00e9s internationaux, pour un moment de communion fraternelle, d&rsquo;adoration, d&rsquo;enseignement et d&rsquo;encouragement. L&rsquo;\u00e9v\u00e9nement vise \u00e0 inspirer les \u00e9tudiants, les \u00e9quipiers (staff) et les dipl\u00f4m\u00e9s \u00e0 devenir des missionnaires model\u00e9s, impr\u00e9gn\u00e9s et transform\u00e9s par la Parole, dans leur propre environnement, dans la r\u00e9gion Cara\u00efbe et dans le monde<\/p>\n<\/div>\n\n<div class=\"wp-block block-core-video\">\n<figure class=\"wp-block-video\"><video class=\"lazyload\" controls data-src=\"https:\/\/ifescaribbean.org\/wp-content\/uploads\/2025\/11\/FR-IMPACT-PRESENTATION.mp4\"><\/video><\/figure>\n<\/div>\n\n<div class=\"wp-block block-core-group alignfull\">\n<div class=\"wp-block-group alignfull has-accent-light-background-color has-background\"><div class=\"wp-block-group__inner-container is-layout-constrained wp-block-group-is-layout-constrained\"><div class=\"wp-block block-core-heading wp-elements-9d023f92642e18bd7019575518a18166\">\n<h2 class=\"wp-block-heading has-white-color has-text-color has-link-color has-lg-font-size wp-elements-9d023f92642e18bd7019575518a18166\">Co\u00fbts<\/h2>\n<\/div>\n\n<div class=\"wp-block block-core-paragraph wp-elements-d6c9d6b7d13245fc919b9a0fe73aa543\">\n<p class=\"has-white-color has-text-color has-link-color has-md-font-size wp-elements-d6c9d6b7d13245fc919b9a0fe73aa543\">Les participants devront payer les frais d&rsquo;inscription non remboursables de $200 USD au moment de leur inscription. Toutes les autres r\u00e9servations et tous les autres paiements (h\u00e9bergement, restauration, billets d&rsquo;avion, etc.) aupr\u00e8s des diff\u00e9rents prestataires sont \u00e0 la charge du participant et\/ou du responsable de d\u00e9l\u00e9gation pour les participants de sa d\u00e9l\u00e9gation.<\/p>\n<\/div>\n\n<div class=\"wp-block block-core-paragraph wp-elements-bd26d0737c98df888334ff8112f5bd58\">\n<p class=\"has-white-color has-text-color has-link-color has-md-font-size wp-elements-bd26d0737c98df888334ff8112f5bd58\"><strong>Les participants doivent pr\u00e9voir les co\u00fbts suivants :<\/strong><\/p>\n<\/div>\n\n<div class=\"wp-block block-core-list\">\n<ol class=\"wp-block-list\"><div class=\"wp-block block-core-list-item wp-elements-ab8407f0ade78041ded3a0cd2d412fc7\">\n<li class=\"has-white-color has-text-color has-link-color has-md-font-size wp-elements-ab8407f0ade78041ded3a0cd2d412fc7\">Frais d&rsquo;inscription non remboursables : <strong>$200 USD<\/strong><\/li>\n<\/div>\n\n<div class=\"wp-block block-core-list-item wp-elements-db3d0103387f8276c14392439d20e282\">\n<li class=\"has-white-color has-text-color has-link-color has-md-font-size wp-elements-db3d0103387f8276c14392439d20e282\">Frais d&rsquo;h\u00e9bergement<\/li>\n<\/div>\n\n<div class=\"wp-block block-core-list-item wp-elements-3c3c1084c632a530007a147d1bfe2f17\">\n<li class=\"has-white-color has-text-color has-link-color has-md-font-size wp-elements-3c3c1084c632a530007a147d1bfe2f17\">Frais de restauration<\/li>\n<\/div>\n\n<div class=\"wp-block block-core-list-item wp-elements-3a1653b5cb4b8c1ad58ccc45d3107d55\">\n<li class=\"has-white-color has-text-color has-link-color has-md-font-size wp-elements-3a1653b5cb4b8c1ad58ccc45d3107d55\">Billets d&rsquo;avion ou de bateau<\/li>\n<\/div>\n\n<div class=\"wp-block block-core-list-item wp-elements-97795b95fd744f75921a49c7368ba041\">\n<li class=\"has-white-color has-text-color has-link-color has-md-font-size wp-elements-97795b95fd744f75921a49c7368ba041\">Assurance<\/li>\n<\/div>\n\n<div class=\"wp-block block-core-list-item wp-elements-f18604281e9a2e15a902010d00b88fef\">\n<li class=\"has-white-color has-text-color has-link-color has-md-font-size wp-elements-f18604281e9a2e15a902010d00b88fef\">Transport (\u00e9ventuellement)<\/li>\n<\/div>\n\n<div class=\"wp-block block-core-list-item wp-elements-557f41ff7664b622da6084be5b0c3c1c\">\n<li class=\"has-white-color has-text-color has-link-color has-md-font-size wp-elements-557f41ff7664b622da6084be5b0c3c1c\">Frais d&rsquo;excursion<\/li>\n<\/div><\/ol>\n<\/div><\/div>\n<\/div><\/div>\n\n<div class=\"wp-block block-core-paragraph\">\n<p><\/p>\n<\/div>","protected":false},"excerpt":{"rendered":"<p>QU&rsquo;EST-CE QUE IMPACT 2026 ? IMPACT 2026 est une conf\u00e9rence missionnaire pour la r\u00e9gion Cara\u00efbe. Elle se d\u00e9roulera du 6 au 11 ao\u00fbt 2026, \u00e0 Sainte-Lucie, dans la salle de conf\u00e9rence Bougainvillea de l&rsquo;h\u00f4tel Bay Gardens Hotel. IMPACT 2026 vise \u00e0 encourager, \u00e9quiper, inspirer et mobiliser, tous les acteurs de la r\u00e9gion et tous les&#8230;<\/p>\n","protected":false},"author":6,"featured_media":3007,"parent":0,"menu_order":0,"comment_status":"closed","ping_status":"closed","template":"","meta":{"inline_featured_image":false,"footnotes":""},"area":[],"theme":[],"class_list":["post-2759","page","type-page","status-publish","has-post-thumbnail","hentry"],"acf":[],"yoast_head":"<!-- This site is optimized with the Yoast SEO plugin v27.5 - https:\/\/yoast.com\/product\/yoast-seo-wordpress\/ -->\n<title>impact 2026 - CARIFES<\/title>\n<meta name=\"robots\" content=\"index, follow, max-snippet:-1, max-image-preview:large, max-video-preview:-1\" \/>\n<link rel=\"canonical\" href=\"https:\/\/ifescaribbean.org\/fr\/impact-2026\/\" \/>\n<meta property=\"og:locale\" content=\"fr_FR\" \/>\n<meta property=\"og:type\" content=\"article\" \/>\n<meta property=\"og:title\" content=\"impact 2026 - CARIFES\" \/>\n<meta property=\"og:description\" content=\"QU&rsquo;EST-CE QUE IMPACT 2026 ? IMPACT 2026 est une conf\u00e9rence missionnaire pour la r\u00e9gion Cara\u00efbe. Elle se d\u00e9roulera du 6 au 11 ao\u00fbt 2026, \u00e0 Sainte-Lucie, dans la salle de conf\u00e9rence Bougainvillea de l&rsquo;h\u00f4tel Bay Gardens Hotel. IMPACT 2026 vise \u00e0 encourager, \u00e9quiper, inspirer et mobiliser, tous les acteurs de la r\u00e9gion et tous les...\" \/>\n<meta property=\"og:url\" content=\"https:\/\/ifescaribbean.org\/fr\/impact-2026\/\" \/>\n<meta property=\"og:site_name\" content=\"CARIFES\" \/>\n<meta property=\"article:modified_time\" content=\"2026-02-26T21:28:22+00:00\" \/>\n<meta property=\"og:image\" content=\"https:\/\/ifescaribbean.org\/wp-content\/uploads\/2025\/11\/WhatsApp-Image-2025-10-30-at-18.37.58.jpeg\" \/>\n\t<meta property=\"og:image:width\" content=\"1280\" \/>\n\t<meta property=\"og:image:height\" content=\"853\" \/>\n\t<meta property=\"og:image:type\" content=\"image\/jpeg\" \/>\n<meta name=\"twitter:card\" content=\"summary_large_image\" \/>\n<meta name=\"twitter:label1\" content=\"Dur\u00e9e de lecture estim\u00e9e\" \/>\n\t<meta name=\"twitter:data1\" content=\"2 minutes\" \/>\n<script type=\"application\/ld+json\" class=\"yoast-schema-graph\">{\"@context\":\"https:\\\/\\\/schema.org\",\"@graph\":[{\"@type\":\"WebPage\",\"@id\":\"https:\\\/\\\/ifescaribbean.org\\\/fr\\\/impact-2026\\\/\",\"url\":\"https:\\\/\\\/ifescaribbean.org\\\/fr\\\/impact-2026\\\/\",\"name\":\"impact 2026 - CARIFES\",\"isPartOf\":{\"@id\":\"https:\\\/\\\/ifescaribbean.org\\\/fr\\\/#website\"},\"primaryImageOfPage\":{\"@id\":\"https:\\\/\\\/ifescaribbean.org\\\/fr\\\/impact-2026\\\/#primaryimage\"},\"image\":{\"@id\":\"https:\\\/\\\/ifescaribbean.org\\\/fr\\\/impact-2026\\\/#primaryimage\"},\"thumbnailUrl\":\"https:\\\/\\\/ifescaribbean.org\\\/wp-content\\\/uploads\\\/2025\\\/11\\\/WhatsApp-Image-2025-10-30-at-18.37.58.jpeg\",\"datePublished\":\"2025-10-04T18:34:08+00:00\",\"dateModified\":\"2026-02-26T21:28:22+00:00\",\"breadcrumb\":{\"@id\":\"https:\\\/\\\/ifescaribbean.org\\\/fr\\\/impact-2026\\\/#breadcrumb\"},\"inLanguage\":\"fr-FR\",\"potentialAction\":[{\"@type\":\"ReadAction\",\"target\":[\"https:\\\/\\\/ifescaribbean.org\\\/fr\\\/impact-2026\\\/\"]}]},{\"@type\":\"ImageObject\",\"inLanguage\":\"fr-FR\",\"@id\":\"https:\\\/\\\/ifescaribbean.org\\\/fr\\\/impact-2026\\\/#primaryimage\",\"url\":\"https:\\\/\\\/ifescaribbean.org\\\/wp-content\\\/uploads\\\/2025\\\/11\\\/WhatsApp-Image-2025-10-30-at-18.37.58.jpeg\",\"contentUrl\":\"https:\\\/\\\/ifescaribbean.org\\\/wp-content\\\/uploads\\\/2025\\\/11\\\/WhatsApp-Image-2025-10-30-at-18.37.58.jpeg\",\"width\":1280,\"height\":853},{\"@type\":\"BreadcrumbList\",\"@id\":\"https:\\\/\\\/ifescaribbean.org\\\/fr\\\/impact-2026\\\/#breadcrumb\",\"itemListElement\":[{\"@type\":\"ListItem\",\"position\":1,\"name\":\"Home\",\"item\":\"https:\\\/\\\/ifescaribbean.org\\\/fr\\\/\"},{\"@type\":\"ListItem\",\"position\":2,\"name\":\"impact 2026\"}]},{\"@type\":\"WebSite\",\"@id\":\"https:\\\/\\\/ifescaribbean.org\\\/fr\\\/#website\",\"url\":\"https:\\\/\\\/ifescaribbean.org\\\/fr\\\/\",\"name\":\"CARIFES\",\"description\":\"CARIFES website\",\"publisher\":{\"@id\":\"https:\\\/\\\/ifescaribbean.org\\\/fr\\\/#organization\"},\"inLanguage\":\"fr-FR\"},{\"@type\":\"Organization\",\"@id\":\"https:\\\/\\\/ifescaribbean.org\\\/fr\\\/#organization\",\"name\":\"CARIFES\",\"url\":\"https:\\\/\\\/ifescaribbean.org\\\/fr\\\/\",\"logo\":{\"@type\":\"ImageObject\",\"inLanguage\":\"fr-FR\",\"@id\":\"https:\\\/\\\/ifescaribbean.org\\\/fr\\\/#\\\/schema\\\/logo\\\/image\\\/\",\"url\":\"https:\\\/\\\/ifescaribbean.org\\\/wp-content\\\/uploads\\\/2023\\\/03\\\/IFES-Caraibe-Square.png\",\"contentUrl\":\"https:\\\/\\\/ifescaribbean.org\\\/wp-content\\\/uploads\\\/2023\\\/03\\\/IFES-Caraibe-Square.png\",\"width\":871,\"height\":868,\"caption\":\"CARIFES\"},\"image\":{\"@id\":\"https:\\\/\\\/ifescaribbean.org\\\/fr\\\/#\\\/schema\\\/logo\\\/image\\\/\"}}]}<\/script>\n<!-- \/ Yoast SEO plugin. -->","yoast_head_json":{"title":"impact 2026 - CARIFES","robots":{"index":"index","follow":"follow","max-snippet":"max-snippet:-1","max-image-preview":"max-image-preview:large","max-video-preview":"max-video-preview:-1"},"canonical":"https:\/\/ifescaribbean.org\/fr\/impact-2026\/","og_locale":"fr_FR","og_type":"article","og_title":"impact 2026 - CARIFES","og_description":"QU&rsquo;EST-CE QUE IMPACT 2026 ? IMPACT 2026 est une conf\u00e9rence missionnaire pour la r\u00e9gion Cara\u00efbe. Elle se d\u00e9roulera du 6 au 11 ao\u00fbt 2026, \u00e0 Sainte-Lucie, dans la salle de conf\u00e9rence Bougainvillea de l&rsquo;h\u00f4tel Bay Gardens Hotel. IMPACT 2026 vise \u00e0 encourager, \u00e9quiper, inspirer et mobiliser, tous les acteurs de la r\u00e9gion et tous les...","og_url":"https:\/\/ifescaribbean.org\/fr\/impact-2026\/","og_site_name":"CARIFES","article_modified_time":"2026-02-26T21:28:22+00:00","og_image":[{"width":1280,"height":853,"url":"https:\/\/ifescaribbean.org\/wp-content\/uploads\/2025\/11\/WhatsApp-Image-2025-10-30-at-18.37.58.jpeg","type":"image\/jpeg"}],"twitter_card":"summary_large_image","twitter_misc":{"Dur\u00e9e de lecture estim\u00e9e":"2 minutes"},"schema":{"@context":"https:\/\/schema.org","@graph":[{"@type":"WebPage","@id":"https:\/\/ifescaribbean.org\/fr\/impact-2026\/","url":"https:\/\/ifescaribbean.org\/fr\/impact-2026\/","name":"impact 2026 - CARIFES","isPartOf":{"@id":"https:\/\/ifescaribbean.org\/fr\/#website"},"primaryImageOfPage":{"@id":"https:\/\/ifescaribbean.org\/fr\/impact-2026\/#primaryimage"},"image":{"@id":"https:\/\/ifescaribbean.org\/fr\/impact-2026\/#primaryimage"},"thumbnailUrl":"https:\/\/ifescaribbean.org\/wp-content\/uploads\/2025\/11\/WhatsApp-Image-2025-10-30-at-18.37.58.jpeg","datePublished":"2025-10-04T18:34:08+00:00","dateModified":"2026-02-26T21:28:22+00:00","breadcrumb":{"@id":"https:\/\/ifescaribbean.org\/fr\/impact-2026\/#breadcrumb"},"inLanguage":"fr-FR","potentialAction":[{"@type":"ReadAction","target":["https:\/\/ifescaribbean.org\/fr\/impact-2026\/"]}]},{"@type":"ImageObject","inLanguage":"fr-FR","@id":"https:\/\/ifescaribbean.org\/fr\/impact-2026\/#primaryimage","url":"https:\/\/ifescaribbean.org\/wp-content\/uploads\/2025\/11\/WhatsApp-Image-2025-10-30-at-18.37.58.jpeg","contentUrl":"https:\/\/ifescaribbean.org\/wp-content\/uploads\/2025\/11\/WhatsApp-Image-2025-10-30-at-18.37.58.jpeg","width":1280,"height":853},{"@type":"BreadcrumbList","@id":"https:\/\/ifescaribbean.org\/fr\/impact-2026\/#breadcrumb","itemListElement":[{"@type":"ListItem","position":1,"name":"Home","item":"https:\/\/ifescaribbean.org\/fr\/"},{"@type":"ListItem","position":2,"name":"impact 2026"}]},{"@type":"WebSite","@id":"https:\/\/ifescaribbean.org\/fr\/#website","url":"https:\/\/ifescaribbean.org\/fr\/","name":"CARIFES","description":"CARIFES website","publisher":{"@id":"https:\/\/ifescaribbean.org\/fr\/#organization"},"inLanguage":"fr-FR"},{"@type":"Organization","@id":"https:\/\/ifescaribbean.org\/fr\/#organization","name":"CARIFES","url":"https:\/\/ifescaribbean.org\/fr\/","logo":{"@type":"ImageObject","inLanguage":"fr-FR","@id":"https:\/\/ifescaribbean.org\/fr\/#\/schema\/logo\/image\/","url":"https:\/\/ifescaribbean.org\/wp-content\/uploads\/2023\/03\/IFES-Caraibe-Square.png","contentUrl":"https:\/\/ifescaribbean.org\/wp-content\/uploads\/2023\/03\/IFES-Caraibe-Square.png","width":871,"height":868,"caption":"CARIFES"},"image":{"@id":"https:\/\/ifescaribbean.org\/fr\/#\/schema\/logo\/image\/"}}]}},"_links":{"self":[{"href":"https:\/\/ifescaribbean.org\/fr\/wp-json\/wp\/v2\/pages\/2759","targetHints":{"allow":["GET"]}}],"collection":[{"href":"https:\/\/ifescaribbean.org\/fr\/wp-json\/wp\/v2\/pages"}],"about":[{"href":"https:\/\/ifescaribbean.org\/fr\/wp-json\/wp\/v2\/types\/page"}],"author":[{"embeddable":true,"href":"https:\/\/ifescaribbean.org\/fr\/wp-json\/wp\/v2\/users\/6"}],"replies":[{"embeddable":true,"href":"https:\/\/ifescaribbean.org\/fr\/wp-json\/wp\/v2\/comments?post=2759"}],"version-history":[{"count":11,"href":"https:\/\/ifescaribbean.org\/fr\/wp-json\/wp\/v2\/pages\/2759\/revisions"}],"predecessor-version":[{"id":3440,"href":"https:\/\/ifescaribbean.org\/fr\/wp-json\/wp\/v2\/pages\/2759\/revisions\/3440"}],"wp:featuredmedia":[{"embeddable":true,"href":"https:\/\/ifescaribbean.org\/fr\/wp-json\/wp\/v2\/media\/3007"}],"wp:attachment":[{"href":"https:\/\/ifescaribbean.org\/fr\/wp-json\/wp\/v2\/media?parent=2759"}],"wp:term":[{"taxonomy":"area","embeddable":true,"href":"https:\/\/ifescaribbean.org\/fr\/wp-json\/wp\/v2\/area?post=2759"},{"taxonomy":"theme","embeddable":true,"href":"https:\/\/ifescaribbean.org\/fr\/wp-json\/wp\/v2\/theme?post=2759"}],"curies":[{"name":"wp","href":"https:\/\/api.w.org\/{rel}","templated":true}]}}