{"id":2786,"date":"2025-10-16T20:15:49","date_gmt":"2025-10-16T19:15:49","guid":{"rendered":"https:\/\/ifescaribbean.org\/?page_id=2786"},"modified":"2025-11-10T18:46:19","modified_gmt":"2025-11-10T18:46:19","slug":"semainedudondecarifes2025","status":"publish","type":"page","link":"https:\/\/ifescaribbean.org\/fr\/semainedudondecarifes2025\/","title":{"rendered":"SEMAINE DU DON DE CARIFES 2025"},"content":{"rendered":"<div class=\"wp-block block-acf-spacer\">\n<div id=\"spacer-block_506eebd395273b2528f327dc0ccb0ad6\" class=\"\">\n    <div aria-hidden=\"true\" class=\"wp-block-spacer spacer--md\"><\/div>\n<\/div>\n<\/div>\n\n<div class=\"wp-block block-acf-spacer\">\n<div id=\"spacer-block_506eebd395273b2528f327dc0ccb0ad6\" class=\"\">\n    <div aria-hidden=\"true\" class=\"wp-block-spacer spacer--md\"><\/div>\n<\/div>\n<\/div>\n\n<div class=\"wp-block block-core-heading alignfull\">\n<h1 class=\"wp-block-heading alignfull has-text-align-center has-accent-light-color has-text-color has-xxl-font-size\" style=\"font-style:normal;font-weight:600\"><strong>Partenaires \u00c0 nos c\u00f4t\u00e9s, votre \u00e9quipe r\u00e9gionale<\/strong><\/h1>\n<\/div>\n\n<div class=\"wp-block block-acf-spacer\">\n<div id=\"spacer-block_506eebd395273b2528f327dc0ccb0ad6\" class=\"\">\n    <div aria-hidden=\"true\" class=\"wp-block-spacer spacer--md\"><\/div>\n<\/div>\n<\/div>\n\n<div class=\"wp-block block-acf-spacer\">\n<div id=\"spacer-block_506eebd395273b2528f327dc0ccb0ad6\" class=\"\">\n    <div aria-hidden=\"true\" class=\"wp-block-spacer spacer--md\"><\/div>\n<\/div>\n<\/div>\n\n<div class=\"wp-block block-core-columns\">\n<div class=\"wp-block-columns is-layout-flex wp-container-core-columns-is-layout-9d6595d7 wp-block-columns-is-layout-flex\">\n<div class=\"wp-block-column is-layout-flow wp-block-column-is-layout-flow\"><div class=\"wp-block block-core-paragraph\">\n<p class=\"has-lg-font-size\" style=\"font-style:normal;font-weight:500\">La semaine du don de CARIFES est plus qu&rsquo;un appel \u00e0 donner, mais d&rsquo;un appel \u00e0 vous tenir \u00e0 nos c\u00f4t\u00e9s alors que nous servons et renfor\u00e7ons le minist\u00e8re&nbsp;aupr\u00e8s des&nbsp;\u00e9tudiantsdans toute la r\u00e9gion.<\/p>\n<\/div><\/div>\n\n\n\n<div class=\"wp-block-column is-layout-flow wp-block-column-is-layout-flow\"><div class=\"wp-block block-core-image\">\n<figure class=\"wp-block-image size-full\"><img decoding=\"async\" src=\"data:image\/gif;base64,R0lGODlhAQABAIAAAAAAAP\/\/\/yH5BAEAAAAALAAAAAABAAEAAAIBRAA7\" data-src=\"https:\/\/ifescaribbean.org\/wp-content\/uploads\/2025\/10\/Team-Photo-Brush-edited-e1760723907161.png\" alt=\"\" class=\"wp-image-2891 lazyload\"\/><noscript><img decoding=\"async\" src=\"https:\/\/ifescaribbean.org\/wp-content\/uploads\/2025\/10\/Team-Photo-Brush-edited-e1760723907161.png\" alt=\"\" class=\"wp-image-2891 lazyload\"\/><\/noscript><\/figure>\n<\/div><\/div>\n<\/div>\n<\/div>\n\n<div class=\"wp-block block-acf-spacer\">\n<div id=\"spacer-block_506eebd395273b2528f327dc0ccb0ad6\" class=\"\">\n    <div aria-hidden=\"true\" class=\"wp-block-spacer spacer--md\"><\/div>\n<\/div>\n<\/div>\n\n<div class=\"wp-block block-acf-spacer\">\n<div id=\"spacer-block_506eebd395273b2528f327dc0ccb0ad6\" class=\"\">\n    <div aria-hidden=\"true\" class=\"wp-block-spacer spacer--md\"><\/div>\n<\/div>\n<\/div>\n\n<div class=\"wp-block block-core-heading wp-elements-f67a235ce00a3d65d5fadb070698d698\">\n<h1 class=\"wp-block-heading has-text-align-center has-white-color has-accent-light-background-color has-text-color has-background has-link-color has-xxl-font-size wp-elements-f67a235ce00a3d65d5fadb070698d698\">renforcer et soutenir le minist\u00e8re de <mark style=\"background-color:rgba(0, 0, 0, 0)\" class=\"has-inline-color has-caribbean-color\">l&rsquo;\u00e9quipe r\u00e9gional&nbsp;IFES Cara\u00efbe<\/mark><\/h1>\n<\/div>\n\n<div class=\"wp-block block-core-columns\">\n<div class=\"wp-block-columns is-layout-flex wp-container-core-columns-is-layout-9d6595d7 wp-block-columns-is-layout-flex\">\n<div class=\"wp-block-column is-layout-flow wp-block-column-is-layout-flow\"><div class=\"wp-block block-core-paragraph\">\n<p class=\"has-lg-font-size\">Cette ann\u00e9e, notre objectif de lev\u00e9e de fonds est de collecter <mark style=\"background-color:rgba(0, 0, 0, 0)\" class=\"has-inline-color has-accent-color\"><strong>$21 000 USD<\/strong><\/mark> pour soutenir le staff r\u00e9gional. Il s&rsquo;agit du lancement <strong><mark style=\"background-color:rgba(0, 0, 0, 0)\" class=\"has-inline-color has-accent-color\">d&rsquo;un projet de soutien \u00e0 long terme sur trois ans (2025-2027) visant \u00e0 renforcer et \u00e0 soutenir le minist\u00e8re du staff r\u00e9gional de la Cara\u00efbe.<\/mark><\/strong> Cette initiative <strong><mark style=\"background-color:rgba(0, 0, 0, 0)\" class=\"has-inline-color has-accent-color\">sera doubl\u00e9e dollar pour dollar<\/mark><\/strong>, ce qui doublera l&rsquo;impact de chaque don.&nbsp;<\/p>\n<\/div>\n\n<div class=\"wp-block block-core-paragraph\">\n<p class=\"has-md-font-size\"><strong><mark style=\"background-color:rgba(0, 0, 0, 0)\" class=\"has-inline-color has-accent-light-color\">Rejoignez-nous dans notre minist\u00e8re en vous associant \u00e0 Dieu par votre g\u00e9n\u00e9rosit\u00e9 afin de soutenir le travail de l&rsquo;\u00e9quipe r\u00e9gionale IFES Cara\u00efbe.<\/mark><\/strong><\/p>\n<\/div><\/div>\n\n\n\n<div class=\"wp-block-column is-vertically-aligned-center is-layout-flow wp-block-column-is-layout-flow\"><div class=\"wp-block block-core-quote\">\n<blockquote class=\"wp-block-quote is-layout-flow wp-block-quote-is-layout-flow\"><\/blockquote>\n<\/div>\n\n<div class=\"wp-block block-core-shortcode\"><p><a href=\"#XEANAVTD\" style=\"display: none\"><\/a><\/p>\n<\/div><\/div>\n<\/div>\n<\/div>\n\n<div class=\"wp-block block-acf-spacer\">\n<div id=\"spacer-block_506eebd395273b2528f327dc0ccb0ad6\" class=\"\">\n    <div aria-hidden=\"true\" class=\"wp-block-spacer spacer--md\"><\/div>\n<\/div>\n<\/div>\n\n<div class=\"wp-block block-core-columns\">\n<div class=\"wp-block-columns is-layout-flex wp-container-core-columns-is-layout-9d6595d7 wp-block-columns-is-layout-flex\">\n<div class=\"wp-block-column is-vertically-aligned-center is-layout-flow wp-block-column-is-layout-flow\"><div class=\"wp-block block-acf-ifesbutton aligncenter\">\n<div class=\"aligncenter\">\n    <a id=\"btn-block_33158c651a2d0fcf2ff6e42c16d1a0ad\" target=\"_blank\" href=\"https:\/\/ifesworld.org\/fr\/donner\/?switch_language=fr&#038;source=SUPPORT&#038;destination=CR000_STEAM\" class=\"btn btn--east-asia\">\n        <span>\n        FAIRE UN DON        <\/span>\n    <\/a>\n<\/div>\n\n<\/div><\/div>\n\n\n\n<div class=\"wp-block-column is-vertically-aligned-center is-layout-flow wp-block-column-is-layout-flow\"><div class=\"wp-block block-acf-ifesbutton aligncenter\">\n<div class=\"aligncenter\">\n    <a id=\"btn-block_7c9e4e3175294631c43fd046e73ce905\" target=\"\" href=\"https:\/\/ifescaribbean.org\/fr\/qui-sommes-nous\/\" class=\"btn btn--caribbean\">\n        <span>\n        D\u00c9COUVREZ VOTRE \u00c9QUIPE R\u00c9GIONALE        <\/span>\n    <\/a>\n<\/div>\n\n<\/div><\/div>\n<\/div>\n<\/div>\n\n<div class=\"wp-block block-acf-spacer\">\n<div id=\"spacer-block_506eebd395273b2528f327dc0ccb0ad6\" class=\"\">\n    <div aria-hidden=\"true\" class=\"wp-block-spacer spacer--md\"><\/div>\n<\/div>\n<\/div>\n\n<div class=\"wp-block block-core-columns\">\n<div class=\"wp-block-columns are-vertically-aligned-center is-layout-flex wp-container-core-columns-is-layout-9d6595d7 wp-block-columns-is-layout-flex\">\n<div class=\"wp-block-column is-vertically-aligned-center is-layout-flow wp-block-column-is-layout-flow\" style=\"flex-basis:33.33%\"><div class=\"wp-block block-core-video\">\n<figure class=\"wp-block-video\"><video class=\"lazyload\" controls data-src=\"https:\/\/ifescaribbean.org\/wp-content\/uploads\/2025\/11\/CGW-2025-Mario.mp4\"><\/video><\/figure>\n<\/div><\/div>\n\n\n\n<div class=\"wp-block-column is-vertically-aligned-center is-layout-flow wp-block-column-is-layout-flow\" style=\"flex-basis:90%\"><div class=\"wp-block block-core-quote\">\n<blockquote class=\"wp-block-quote is-layout-flow wp-block-quote-is-layout-flow\"><div class=\"wp-block block-core-group\">\n<div class=\"wp-block-group is-vertical is-layout-flex wp-container-core-group-is-layout-76a81b31 wp-block-group-is-layout-flex\"><div class=\"wp-block block-core-paragraph\">\n<p class=\"has-caribbean-background-color has-background\">\u00ab\u00a0Sachez-le, celui qui s\u00e8me peu moissonnera peu, et celui qui s\u00e8me abondamment moissonnera abondamment.\u00a0Que chacun donne comme il l&rsquo;a r\u00e9solu en son coeur, sans tristesse ni contrainte; car Dieu aime celui qui donne avec joie.\u00a0Et Dieu peut vous combler de toutes sortes de gr\u00e2ces, afin que, poss\u00e9dant toujours en toutes choses de quoi satisfaire \u00e0 tous vos besoins, vous ayez encore en abondance pour toute bonne oeuvre,\u00a0\u00bb  &#8211; 2 Corinthiens 9:6-8 (LSG)<\/p>\n<\/div><\/div>\n<\/div><\/blockquote>\n<\/div><\/div>\n<\/div>\n<\/div>\n\n<div class=\"wp-block block-core-heading alignfull wp-elements-6aeb89d98ce7b13dd7a7fc7381684301\">\n<h1 class=\"wp-block-heading alignfull has-text-align-center has-primary-color has-caribbean-background-color has-text-color has-background has-link-color has-xxxl-font-size wp-elements-6aeb89d98ce7b13dd7a7fc7381684301\"><strong><mark style=\"background-color:rgba(0, 0, 0, 0)\" class=\"has-inline-color has-accent-light-color\">Engagez-vous \u00e0<\/mark> devenir un <mark style=\"background-color:rgba(0, 0, 0, 0)\" class=\"has-inline-color has-accent-light-color\">partenaire \u00e0 nos c\u00f4t\u00e9s<\/mark><\/strong><\/h1>\n<\/div>\n\n<div class=\"wp-block block-core-group alignfull\">\n<div class=\"wp-block-group alignfull has-caribbean-background-color has-background\"><div class=\"wp-block-group__inner-container is-layout-constrained wp-block-group-is-layout-constrained\"><div class=\"wp-block block-core-columns\">\n<div class=\"wp-block-columns is-layout-flex wp-container-core-columns-is-layout-9d6595d7 wp-block-columns-is-layout-flex\">\n<div class=\"wp-block-column is-layout-flow wp-block-column-is-layout-flow\"><div class=\"wp-block block-core-gallery\">\n<figure class=\"wp-block-gallery has-nested-images columns-default is-cropped wp-block-gallery-1 is-layout-flex wp-block-gallery-is-layout-flex\"><div class=\"wp-block block-core-image\">\n<figure class=\"wp-block-image size-large\"><img decoding=\"async\" data-id=\"2422\" src=\"data:image\/gif;base64,R0lGODlhAQABAIAAAAAAAP\/\/\/yH5BAEAAAAALAAAAAABAAEAAAIBRAA7\" data-src=\"https:\/\/ifescaribbean.org\/wp-content\/uploads\/2024\/03\/5-DSCF4643-scaled-e1762784583457-1024x751.jpg\" alt=\"\" class=\"wp-image-2422 lazyload\"\/><noscript><img decoding=\"async\" width=\"1024\" height=\"751\" data-id=\"2422\" src=\"https:\/\/ifescaribbean.org\/wp-content\/uploads\/2024\/03\/5-DSCF4643-scaled-e1762784583457-1024x751.jpg\" alt=\"\" class=\"wp-image-2422 lazyload\" srcset=\"https:\/\/ifescaribbean.org\/wp-content\/uploads\/2024\/03\/5-DSCF4643-scaled-e1762784583457-1024x751.jpg 1024w, https:\/\/ifescaribbean.org\/wp-content\/uploads\/2024\/03\/5-DSCF4643-scaled-e1762784583457-300x220.jpg 300w, https:\/\/ifescaribbean.org\/wp-content\/uploads\/2024\/03\/5-DSCF4643-scaled-e1762784583457-768x563.jpg 768w, https:\/\/ifescaribbean.org\/wp-content\/uploads\/2024\/03\/5-DSCF4643-scaled-e1762784583457-1536x1127.jpg 1536w, https:\/\/ifescaribbean.org\/wp-content\/uploads\/2024\/03\/5-DSCF4643-scaled-e1762784583457-2048x1502.jpg 2048w\" sizes=\"(max-width: 1024px) 100vw, 1024px\" \/><\/noscript><\/figure>\n<\/div><\/figure>\n<\/div><\/div>\n\n\n\n<div class=\"wp-block-column is-layout-flow wp-block-column-is-layout-flow\"><div class=\"wp-block block-core-heading wp-elements-ad7895c6a53910d1fc1298e47da60ab6\">\n<h1 class=\"wp-block-heading has-text-align-center has-white-color has-accent-light-background-color has-text-color has-background has-link-color has-md-font-size wp-elements-ad7895c6a53910d1fc1298e47da60ab6\">Avez-vous d\u00e9j\u00e0 fait une promesse d&rsquo;engagement ?<\/h1>\n<\/div>\n\n<div class=\"wp-block block-core-paragraph alignleft\">\n<p class=\"has-text-align-left has-md-font-size\"><strong>Soutenez l&rsquo;\u00e9quipe r\u00e9gionale IFES Cara\u00efbe en remplissant notre court formulaire d&rsquo;engagement en ligne. <\/strong>Dites-nous qui vous \u00eates, d&rsquo;o\u00f9 vous venez,&nbsp;faite une promesse d&rsquo;engagement,&nbsp;et partagez un message d&rsquo;encouragement \u00e0 l&rsquo;\u00e9quipe r\u00e9gionale ou \u00e0 un membre en particulier.<\/p>\n<\/div>\n\n<div class=\"wp-block block-core-paragraph wp-elements-f18b7f3e3eae6eee4e5cc8986ea5732d\">\n<p class=\"has-accent-light-color has-text-color has-link-color wp-elements-f18b7f3e3eae6eee4e5cc8986ea5732d\"><em>NB : Les promesses d&rsquo;engagement peuvent \u00e9galement \u00eatre faites de mani\u00e8re anonyme.***<\/em><\/p>\n<\/div><\/div>\n<\/div>\n<\/div>\n\n<div class=\"wp-block block-core-columns\">\n<div class=\"wp-block-columns is-layout-flex wp-container-core-columns-is-layout-9d6595d7 wp-block-columns-is-layout-flex\">\n<div class=\"wp-block-column is-layout-flow wp-block-column-is-layout-flow\"><div class=\"wp-block block-acf-ifesbutton aligncenter\">\n<div class=\"aligncenter\">\n    <a id=\"btn-block_4e67713914def1d6f935894d6e412b78\" target=\"_blank\" href=\"https:\/\/ifescaribbean.org\/fr\/sengager-a-devenir-un-partenaire-a-nos-cotes\/\" class=\"btn btn--primary\">\n        <span>\n        FAIRE UNE PROMESSE D&rsquo;ENGAGEMENT        <\/span>\n    <\/a>\n<\/div>\n\n<\/div><\/div>\n\n\n\n<div class=\"wp-block-column is-layout-flow wp-block-column-is-layout-flow\"><div class=\"wp-block block-acf-ifesbutton aligncenter\">\n<div class=\"aligncenter\">\n    <a id=\"btn-block_23328e1f11f349b1d8e814dd8fe68db0\" target=\"\" href=\"https:\/\/ifesworld.org\/fr\/donner\/?switch_language=fr&#038;source=SUPPORT&#038;destination=CR000_STEAM\" class=\"btn btn--east-asia\">\n        <span>\n        FAIRE UN DON        <\/span>\n    <\/a>\n<\/div>\n\n<\/div><\/div>\n<\/div>\n<\/div><\/div>\n<\/div><\/div>\n\n<div class=\"wp-block block-core-paragraph aligncenter wp-elements-b519aa9494e8cf23f6220dc0633a73b8\">\n<p class=\"has-text-align-center has-white-color has-accent-background-color has-text-color has-background has-link-color has-xl-font-size wp-elements-b519aa9494e8cf23f6220dc0633a73b8\"><strong>Voici comment certains de nos partenaires se sont engag\u00e9s pour la Semaine de don 2025<\/strong><\/p>\n<\/div>\n\n<div class=\"wp-block block-core-shortcode\"><div class=\"pledges-card-container\" style=\"max-width:1200px; margin:0 auto; padding:20px; font-family:-apple-system,BlinkMacSystemFont,'Segoe UI',Roboto,sans-serif;\"><form method=\"get\" class=\"pledges-filter-form\" style=\"margin-bottom:30px; padding:20px; background:#f9f9f9; border-radius:12px; box-shadow:0 2px 8px rgba(0,0,0,0.06); text-align:center;\"><div style=\"display:inline-flex; gap:16px; align-items:end; flex-wrap:wrap; justify-content:center;\"><div><select name=\"country\" onchange=\"this.form.submit()\" style=\"padding:11px; border:1px solid #ccc; border-radius:8px; font-size:15px; min-width:200px;\"><option value=\"\">All nations<\/option><option value=\"Anonymous\">Anonymous<\/option><option value=\"Barbados\">Barbados<\/option><option value=\"Belize\">Belize<\/option><option value=\"Cayman Islands\">Cayman Islands<\/option><option value=\"Dominica\">Dominica<\/option><option value=\"Guyana\">Guyana<\/option><option value=\"Saint Lucia\">Saint Lucia<\/option><option value=\"Trinidad and Tobago\">Trinidad and Tobago<\/option><\/select><\/div><\/div><\/form><div class=\"pledges-cards-grid\" style=\"display:grid; grid-template-columns:repeat(auto-fill,minmax(330px,1fr)); gap:24px; margin-bottom:40px;\"><div class=\"testimonial-card\" style=\"background:#fff; border-radius:14px; padding:26px; box-shadow:0 6px 16px rgba(0,0,0,0.08); border-left:5px solid #005a87; transition:all .25s;\"><div style=\"margin-bottom:16px;\"><h3 style=\"margin:0 0 6px; font-size:19px; color:#1a1a1a; font-weight:600;\">Mario &amp; Aleeca King<\/h3><p style=\"margin:0; color:#005a87; font-weight:500; font-size:15px;\">Barbados<\/p><\/div><blockquote style=\"margin:18px 0; padding-left:18px; border-left:3px solid #005a87; font-style:italic; color:#444; font-size:15.5px; line-height:1.65;\">I pledge to give to and pray for the regional team during CARIFES Gift Week.<\/blockquote><p style=\"margin:0; color:#555; font-size:15px; line-height:1.65;\">Your dedication and faithful service is making a difference in the lives of students across the Caribbean and we are grateful for you!<\/p><\/div><div class=\"testimonial-card\" style=\"background:#fff; border-radius:14px; padding:26px; box-shadow:0 6px 16px rgba(0,0,0,0.08); border-left:5px solid #005a87; transition:all .25s;\"><div style=\"margin-bottom:16px;\"><h3 style=\"margin:0 0 6px; font-size:19px; color:#1a1a1a; font-weight:600;\">Anonymous<\/h3><p style=\"margin:0; color:#005a87; font-weight:500; font-size:15px;\">Cayman Islands<\/p><\/div><blockquote style=\"margin:18px 0; padding-left:18px; border-left:3px solid #005a87; font-style:italic; color:#444; font-size:15.5px; line-height:1.65;\">US$300.00<\/blockquote><\/div><div class=\"testimonial-card\" style=\"background:#fff; border-radius:14px; padding:26px; box-shadow:0 6px 16px rgba(0,0,0,0.08); border-left:5px solid #005a87; transition:all .25s;\"><div style=\"margin-bottom:16px;\"><h3 style=\"margin:0 0 6px; font-size:19px; color:#1a1a1a; font-weight:600;\">Anonymous<\/h3><p style=\"margin:0; color:#005a87; font-weight:500; font-size:15px;\">Trinidad and Tobago<\/p><\/div><blockquote style=\"margin:18px 0; padding-left:18px; border-left:3px solid #005a87; font-style:italic; color:#444; font-size:15.5px; line-height:1.65;\">I have pledged to Carifes GiftWeek<\/blockquote><p style=\"margin:0; color:#555; font-size:15px; line-height:1.65;\">Thank you for choosing to be staff for the CARIFES region to God&#039;s glory<\/p><\/div><div class=\"testimonial-card\" style=\"background:#fff; border-radius:14px; padding:26px; box-shadow:0 6px 16px rgba(0,0,0,0.08); border-left:5px solid #005a87; transition:all .25s;\"><div style=\"margin-bottom:16px;\"><h3 style=\"margin:0 0 6px; font-size:19px; color:#1a1a1a; font-weight:600;\">Launcelott Lewis<\/h3><p style=\"margin:0; color:#005a87; font-weight:500; font-size:15px;\">Belize<\/p><\/div><blockquote style=\"margin:18px 0; padding-left:18px; border-left:3px solid #005a87; font-style:italic; color:#444; font-size:15.5px; line-height:1.65;\">I pledge to pray and give<\/blockquote><p style=\"margin:0; color:#555; font-size:15px; line-height:1.65;\">Keep up the good work<\/p><\/div><div class=\"testimonial-card\" style=\"background:#fff; border-radius:14px; padding:26px; box-shadow:0 6px 16px rgba(0,0,0,0.08); border-left:5px solid #005a87; transition:all .25s;\"><div style=\"margin-bottom:16px;\"><h3 style=\"margin:0 0 6px; font-size:19px; color:#1a1a1a; font-weight:600;\">Anonymous<\/h3><p style=\"margin:0; color:#005a87; font-weight:500; font-size:15px;\">Dominica<\/p><\/div><blockquote style=\"margin:18px 0; padding-left:18px; border-left:3px solid #005a87; font-style:italic; color:#444; font-size:15.5px; line-height:1.65;\">50 US<\/blockquote><\/div><div class=\"testimonial-card\" style=\"background:#fff; border-radius:14px; padding:26px; box-shadow:0 6px 16px rgba(0,0,0,0.08); border-left:5px solid #005a87; transition:all .25s;\"><div style=\"margin-bottom:16px;\"><h3 style=\"margin:0 0 6px; font-size:19px; color:#1a1a1a; font-weight:600;\">Anonymous<\/h3><p style=\"margin:0; color:#005a87; font-weight:500; font-size:15px;\">Anonymous<\/p><\/div><blockquote style=\"margin:18px 0; padding-left:18px; border-left:3px solid #005a87; font-style:italic; color:#444; font-size:15.5px; line-height:1.65;\">MY ENCOURAGEMENTS TO THE TEAM.<\/blockquote><p style=\"margin:0; color:#555; font-size:15px; line-height:1.65;\">KEEP BEING FAITHFUL!<\/p><\/div><\/div><nav class=\"pledges-pagination\" style=\"text-align:center; margin-top:30px;\"><ul style=\"list-style:none; padding:0; margin:0; display:inline-block;\"><li style=\"display:inline; margin:0 4px;\"><span style=\"display:inline-block; padding:9px 15px; background:#005a87; color:white; text-decoration:none; border-radius:8px; font-size:14px; font-weight:500;\">1<\/span><\/li><li style=\"display:inline; margin:0 4px;\"><a href=\"https:\/\/ifescaribbean.org\/fr\/wp-json\/wp\/v2\/pages\/2786?pageno=2\" style=\"display:inline-block; padding:9px 15px; background:#f1f3f5; color:#333; text-decoration:none; border-radius:8px; font-size:14px; font-weight:500;\">2<\/a><\/li><li style=\"display:inline; margin:0 4px;\"><a href=\"https:\/\/ifescaribbean.org\/fr\/wp-json\/wp\/v2\/pages\/2786?pageno=2\" style=\"display:inline-block; padding:9px 15px; background:#f1f3f5; color:#333; text-decoration:none; border-radius:8px; font-size:14px; font-weight:500;\">Next<\/a><\/li><\/ul><\/nav><\/div><style>\n        .testimonial-card:hover { transform:translateY(-5px); box-shadow:0 12px 24px rgba(0,0,0,0.12); }\n        .pledges-pagination a:hover, .pledges-pagination span[style*=\"background:#005a87\"] { background:#005a87 !important; color:white !important; }\n        @media (max-width: 600px) {\n            .pledges-filter-form > div { display:block; width:100%; }\n            .pledges-filter-form select { width:100%; margin-bottom:12px; }\n        }\n    <\/style>\n<\/div>\n\n<div class=\"wp-block block-core-paragraph\">\n<p><\/p>\n<\/div>","protected":false},"excerpt":{"rendered":"<p>Partenaires \u00c0 nos c\u00f4t\u00e9s, votre \u00e9quipe r\u00e9gionale La semaine du don de CARIFES est plus qu&rsquo;un appel \u00e0 donner, mais d&rsquo;un appel \u00e0 vous tenir \u00e0 nos c\u00f4t\u00e9s alors que nous servons et renfor\u00e7ons le minist\u00e8re&nbsp;aupr\u00e8s des&nbsp;\u00e9tudiantsdans toute la r\u00e9gion. renforcer et soutenir le minist\u00e8re de l&rsquo;\u00e9quipe r\u00e9gional&nbsp;IFES Cara\u00efbe Cette ann\u00e9e, notre objectif de lev\u00e9e&#8230;<\/p>\n","protected":false},"author":6,"featured_media":2781,"parent":0,"menu_order":0,"comment_status":"closed","ping_status":"closed","template":"","meta":{"inline_featured_image":false,"footnotes":""},"area":[],"theme":[],"class_list":["post-2786","page","type-page","status-publish","has-post-thumbnail","hentry"],"acf":[],"yoast_head":"<!-- This site is optimized with the Yoast SEO plugin v27.5 - https:\/\/yoast.com\/product\/yoast-seo-wordpress\/ -->\n<title>SEMAINE DU DON DE CARIFES 2025 - CARIFES<\/title>\n<meta name=\"robots\" content=\"index, follow, max-snippet:-1, max-image-preview:large, max-video-preview:-1\" \/>\n<link rel=\"canonical\" href=\"https:\/\/ifescaribbean.org\/fr\/semainedudondecarifes2025\/\" \/>\n<meta property=\"og:locale\" content=\"fr_FR\" \/>\n<meta property=\"og:type\" content=\"article\" \/>\n<meta property=\"og:title\" content=\"SEMAINE DU DON DE CARIFES 2025 - CARIFES\" \/>\n<meta property=\"og:description\" content=\"Partenaires \u00c0 nos c\u00f4t\u00e9s, votre \u00e9quipe r\u00e9gionale La semaine du don de CARIFES est plus qu&rsquo;un appel \u00e0 donner, mais d&rsquo;un appel \u00e0 vous tenir \u00e0 nos c\u00f4t\u00e9s alors que nous servons et renfor\u00e7ons le minist\u00e8re&nbsp;aupr\u00e8s des&nbsp;\u00e9tudiantsdans toute la r\u00e9gion. renforcer et soutenir le minist\u00e8re de l&rsquo;\u00e9quipe r\u00e9gional&nbsp;IFES Cara\u00efbe Cette ann\u00e9e, notre objectif de lev\u00e9e...\" \/>\n<meta property=\"og:url\" content=\"https:\/\/ifescaribbean.org\/fr\/semainedudondecarifes2025\/\" \/>\n<meta property=\"og:site_name\" content=\"CARIFES\" \/>\n<meta property=\"article:modified_time\" content=\"2025-11-10T18:46:19+00:00\" \/>\n<meta property=\"og:image\" content=\"https:\/\/ifescaribbean.org\/wp-content\/uploads\/2025\/10\/WhatsApp-Image-2025-10-15-at-12.22.03-e1760641894841.jpeg\" \/>\n\t<meta property=\"og:image:width\" content=\"1280\" \/>\n\t<meta property=\"og:image:height\" content=\"853\" \/>\n\t<meta property=\"og:image:type\" content=\"image\/jpeg\" \/>\n<meta name=\"twitter:card\" content=\"summary_large_image\" \/>\n<meta name=\"twitter:label1\" content=\"Dur\u00e9e de lecture estim\u00e9e\" \/>\n\t<meta name=\"twitter:data1\" content=\"2 minutes\" \/>\n<script type=\"application\/ld+json\" class=\"yoast-schema-graph\">{\"@context\":\"https:\\\/\\\/schema.org\",\"@graph\":[{\"@type\":\"WebPage\",\"@id\":\"https:\\\/\\\/ifescaribbean.org\\\/fr\\\/semainedudondecarifes2025\\\/\",\"url\":\"https:\\\/\\\/ifescaribbean.org\\\/fr\\\/semainedudondecarifes2025\\\/\",\"name\":\"SEMAINE DU DON DE CARIFES 2025 - CARIFES\",\"isPartOf\":{\"@id\":\"https:\\\/\\\/ifescaribbean.org\\\/fr\\\/#website\"},\"primaryImageOfPage\":{\"@id\":\"https:\\\/\\\/ifescaribbean.org\\\/fr\\\/semainedudondecarifes2025\\\/#primaryimage\"},\"image\":{\"@id\":\"https:\\\/\\\/ifescaribbean.org\\\/fr\\\/semainedudondecarifes2025\\\/#primaryimage\"},\"thumbnailUrl\":\"https:\\\/\\\/ifescaribbean.org\\\/wp-content\\\/uploads\\\/2025\\\/10\\\/WhatsApp-Image-2025-10-15-at-12.22.03-e1760641894841.jpeg\",\"datePublished\":\"2025-10-16T19:15:49+00:00\",\"dateModified\":\"2025-11-10T18:46:19+00:00\",\"breadcrumb\":{\"@id\":\"https:\\\/\\\/ifescaribbean.org\\\/fr\\\/semainedudondecarifes2025\\\/#breadcrumb\"},\"inLanguage\":\"fr-FR\",\"potentialAction\":[{\"@type\":\"ReadAction\",\"target\":[\"https:\\\/\\\/ifescaribbean.org\\\/fr\\\/semainedudondecarifes2025\\\/\"]}]},{\"@type\":\"ImageObject\",\"inLanguage\":\"fr-FR\",\"@id\":\"https:\\\/\\\/ifescaribbean.org\\\/fr\\\/semainedudondecarifes2025\\\/#primaryimage\",\"url\":\"https:\\\/\\\/ifescaribbean.org\\\/wp-content\\\/uploads\\\/2025\\\/10\\\/WhatsApp-Image-2025-10-15-at-12.22.03-e1760641894841.jpeg\",\"contentUrl\":\"https:\\\/\\\/ifescaribbean.org\\\/wp-content\\\/uploads\\\/2025\\\/10\\\/WhatsApp-Image-2025-10-15-at-12.22.03-e1760641894841.jpeg\",\"width\":1280,\"height\":853},{\"@type\":\"BreadcrumbList\",\"@id\":\"https:\\\/\\\/ifescaribbean.org\\\/fr\\\/semainedudondecarifes2025\\\/#breadcrumb\",\"itemListElement\":[{\"@type\":\"ListItem\",\"position\":1,\"name\":\"Home\",\"item\":\"https:\\\/\\\/ifescaribbean.org\\\/fr\\\/\"},{\"@type\":\"ListItem\",\"position\":2,\"name\":\"SEMAINE DU DON DE CARIFES 2025\"}]},{\"@type\":\"WebSite\",\"@id\":\"https:\\\/\\\/ifescaribbean.org\\\/fr\\\/#website\",\"url\":\"https:\\\/\\\/ifescaribbean.org\\\/fr\\\/\",\"name\":\"CARIFES\",\"description\":\"CARIFES website\",\"publisher\":{\"@id\":\"https:\\\/\\\/ifescaribbean.org\\\/fr\\\/#organization\"},\"inLanguage\":\"fr-FR\"},{\"@type\":\"Organization\",\"@id\":\"https:\\\/\\\/ifescaribbean.org\\\/fr\\\/#organization\",\"name\":\"CARIFES\",\"url\":\"https:\\\/\\\/ifescaribbean.org\\\/fr\\\/\",\"logo\":{\"@type\":\"ImageObject\",\"inLanguage\":\"fr-FR\",\"@id\":\"https:\\\/\\\/ifescaribbean.org\\\/fr\\\/#\\\/schema\\\/logo\\\/image\\\/\",\"url\":\"https:\\\/\\\/ifescaribbean.org\\\/wp-content\\\/uploads\\\/2023\\\/03\\\/IFES-Caraibe-Square.png\",\"contentUrl\":\"https:\\\/\\\/ifescaribbean.org\\\/wp-content\\\/uploads\\\/2023\\\/03\\\/IFES-Caraibe-Square.png\",\"width\":871,\"height\":868,\"caption\":\"CARIFES\"},\"image\":{\"@id\":\"https:\\\/\\\/ifescaribbean.org\\\/fr\\\/#\\\/schema\\\/logo\\\/image\\\/\"}}]}<\/script>\n<!-- \/ Yoast SEO plugin. -->","yoast_head_json":{"title":"SEMAINE DU DON DE CARIFES 2025 - CARIFES","robots":{"index":"index","follow":"follow","max-snippet":"max-snippet:-1","max-image-preview":"max-image-preview:large","max-video-preview":"max-video-preview:-1"},"canonical":"https:\/\/ifescaribbean.org\/fr\/semainedudondecarifes2025\/","og_locale":"fr_FR","og_type":"article","og_title":"SEMAINE DU DON DE CARIFES 2025 - CARIFES","og_description":"Partenaires \u00c0 nos c\u00f4t\u00e9s, votre \u00e9quipe r\u00e9gionale La semaine du don de CARIFES est plus qu&rsquo;un appel \u00e0 donner, mais d&rsquo;un appel \u00e0 vous tenir \u00e0 nos c\u00f4t\u00e9s alors que nous servons et renfor\u00e7ons le minist\u00e8re&nbsp;aupr\u00e8s des&nbsp;\u00e9tudiantsdans toute la r\u00e9gion. renforcer et soutenir le minist\u00e8re de l&rsquo;\u00e9quipe r\u00e9gional&nbsp;IFES Cara\u00efbe Cette ann\u00e9e, notre objectif de lev\u00e9e...","og_url":"https:\/\/ifescaribbean.org\/fr\/semainedudondecarifes2025\/","og_site_name":"CARIFES","article_modified_time":"2025-11-10T18:46:19+00:00","og_image":[{"width":1280,"height":853,"url":"https:\/\/ifescaribbean.org\/wp-content\/uploads\/2025\/10\/WhatsApp-Image-2025-10-15-at-12.22.03-e1760641894841.jpeg","type":"image\/jpeg"}],"twitter_card":"summary_large_image","twitter_misc":{"Dur\u00e9e de lecture estim\u00e9e":"2 minutes"},"schema":{"@context":"https:\/\/schema.org","@graph":[{"@type":"WebPage","@id":"https:\/\/ifescaribbean.org\/fr\/semainedudondecarifes2025\/","url":"https:\/\/ifescaribbean.org\/fr\/semainedudondecarifes2025\/","name":"SEMAINE DU DON DE CARIFES 2025 - CARIFES","isPartOf":{"@id":"https:\/\/ifescaribbean.org\/fr\/#website"},"primaryImageOfPage":{"@id":"https:\/\/ifescaribbean.org\/fr\/semainedudondecarifes2025\/#primaryimage"},"image":{"@id":"https:\/\/ifescaribbean.org\/fr\/semainedudondecarifes2025\/#primaryimage"},"thumbnailUrl":"https:\/\/ifescaribbean.org\/wp-content\/uploads\/2025\/10\/WhatsApp-Image-2025-10-15-at-12.22.03-e1760641894841.jpeg","datePublished":"2025-10-16T19:15:49+00:00","dateModified":"2025-11-10T18:46:19+00:00","breadcrumb":{"@id":"https:\/\/ifescaribbean.org\/fr\/semainedudondecarifes2025\/#breadcrumb"},"inLanguage":"fr-FR","potentialAction":[{"@type":"ReadAction","target":["https:\/\/ifescaribbean.org\/fr\/semainedudondecarifes2025\/"]}]},{"@type":"ImageObject","inLanguage":"fr-FR","@id":"https:\/\/ifescaribbean.org\/fr\/semainedudondecarifes2025\/#primaryimage","url":"https:\/\/ifescaribbean.org\/wp-content\/uploads\/2025\/10\/WhatsApp-Image-2025-10-15-at-12.22.03-e1760641894841.jpeg","contentUrl":"https:\/\/ifescaribbean.org\/wp-content\/uploads\/2025\/10\/WhatsApp-Image-2025-10-15-at-12.22.03-e1760641894841.jpeg","width":1280,"height":853},{"@type":"BreadcrumbList","@id":"https:\/\/ifescaribbean.org\/fr\/semainedudondecarifes2025\/#breadcrumb","itemListElement":[{"@type":"ListItem","position":1,"name":"Home","item":"https:\/\/ifescaribbean.org\/fr\/"},{"@type":"ListItem","position":2,"name":"SEMAINE DU DON DE CARIFES 2025"}]},{"@type":"WebSite","@id":"https:\/\/ifescaribbean.org\/fr\/#website","url":"https:\/\/ifescaribbean.org\/fr\/","name":"CARIFES","description":"CARIFES website","publisher":{"@id":"https:\/\/ifescaribbean.org\/fr\/#organization"},"inLanguage":"fr-FR"},{"@type":"Organization","@id":"https:\/\/ifescaribbean.org\/fr\/#organization","name":"CARIFES","url":"https:\/\/ifescaribbean.org\/fr\/","logo":{"@type":"ImageObject","inLanguage":"fr-FR","@id":"https:\/\/ifescaribbean.org\/fr\/#\/schema\/logo\/image\/","url":"https:\/\/ifescaribbean.org\/wp-content\/uploads\/2023\/03\/IFES-Caraibe-Square.png","contentUrl":"https:\/\/ifescaribbean.org\/wp-content\/uploads\/2023\/03\/IFES-Caraibe-Square.png","width":871,"height":868,"caption":"CARIFES"},"image":{"@id":"https:\/\/ifescaribbean.org\/fr\/#\/schema\/logo\/image\/"}}]}},"_links":{"self":[{"href":"https:\/\/ifescaribbean.org\/fr\/wp-json\/wp\/v2\/pages\/2786","targetHints":{"allow":["GET"]}}],"collection":[{"href":"https:\/\/ifescaribbean.org\/fr\/wp-json\/wp\/v2\/pages"}],"about":[{"href":"https:\/\/ifescaribbean.org\/fr\/wp-json\/wp\/v2\/types\/page"}],"author":[{"embeddable":true,"href":"https:\/\/ifescaribbean.org\/fr\/wp-json\/wp\/v2\/users\/6"}],"replies":[{"embeddable":true,"href":"https:\/\/ifescaribbean.org\/fr\/wp-json\/wp\/v2\/comments?post=2786"}],"version-history":[{"count":62,"href":"https:\/\/ifescaribbean.org\/fr\/wp-json\/wp\/v2\/pages\/2786\/revisions"}],"predecessor-version":[{"id":3386,"href":"https:\/\/ifescaribbean.org\/fr\/wp-json\/wp\/v2\/pages\/2786\/revisions\/3386"}],"wp:featuredmedia":[{"embeddable":true,"href":"https:\/\/ifescaribbean.org\/fr\/wp-json\/wp\/v2\/media\/2781"}],"wp:attachment":[{"href":"https:\/\/ifescaribbean.org\/fr\/wp-json\/wp\/v2\/media?parent=2786"}],"wp:term":[{"taxonomy":"area","embeddable":true,"href":"https:\/\/ifescaribbean.org\/fr\/wp-json\/wp\/v2\/area?post=2786"},{"taxonomy":"theme","embeddable":true,"href":"https:\/\/ifescaribbean.org\/fr\/wp-json\/wp\/v2\/theme?post=2786"}],"curies":[{"name":"wp","href":"https:\/\/api.w.org\/{rel}","templated":true}]}}