{"id":881,"date":"2023-03-06T15:41:24","date_gmt":"2023-03-06T15:41:24","guid":{"rendered":"https:\/\/carifes.ifesworld.org\/?page_id=881"},"modified":"2025-07-28T15:31:30","modified_gmt":"2025-07-28T14:31:30","slug":"qui-sommes-nous","status":"publish","type":"page","link":"https:\/\/ifescaribbean.org\/fr\/qui-sommes-nous\/","title":{"rendered":"QUI SOMMES-NOUS ?"},"content":{"rendered":"<div class=\"wp-block block-core-group alignfull\">\n<div class=\"wp-block-group alignfull\"><div class=\"wp-block-group__inner-container is-layout-constrained wp-block-group-is-layout-constrained\"><div class=\"wp-block block-acf-spacer alignfull\">\n<div id=\"spacer-block_62c22a2cc1b112d25cda7c83f9b9b95f\" class=\"alignfull\">\n    <div aria-hidden=\"true\" class=\"wp-block-spacer spacer--lg\"><\/div>\n<\/div>\n<\/div>\n\n<div class=\"wp-block block-core-columns alignwide\">\n<div class=\"wp-block-columns alignwide are-vertically-aligned-center is-layout-flex wp-container-core-columns-is-layout-9d6595d7 wp-block-columns-is-layout-flex\">\n<div class=\"wp-block-column is-vertically-aligned-center is-layout-flow wp-block-column-is-layout-flow\"><div class=\"wp-block block-core-image is-style-default no-margin-bottom\">\n<figure class=\"wp-block-image size-large is-style-default no-margin-bottom\"><img decoding=\"async\" src=\"data:image\/gif;base64,R0lGODlhAQABAIAAAAAAAP\/\/\/yH5BAEAAAAALAAAAAABAAEAAAIBRAA7\" data-src=\"https:\/\/ifescaribbean.org\/wp-content\/uploads\/2021\/09\/World-map-regional-colours-1024x724.png\" alt=\"\" class=\"wp-image-468 lazyload\"\/><noscript><img decoding=\"async\" width=\"1024\" height=\"724\" src=\"https:\/\/ifescaribbean.org\/wp-content\/uploads\/2021\/09\/World-map-regional-colours-1024x724.png\" alt=\"\" class=\"wp-image-468 lazyload\" srcset=\"https:\/\/ifescaribbean.org\/wp-content\/uploads\/2021\/09\/World-map-regional-colours-1024x724.png 1024w, https:\/\/ifescaribbean.org\/wp-content\/uploads\/2021\/09\/World-map-regional-colours-300x212.png 300w, https:\/\/ifescaribbean.org\/wp-content\/uploads\/2021\/09\/World-map-regional-colours-768x543.png 768w, https:\/\/ifescaribbean.org\/wp-content\/uploads\/2021\/09\/World-map-regional-colours-1536x1086.png 1536w, https:\/\/ifescaribbean.org\/wp-content\/uploads\/2021\/09\/World-map-regional-colours-2048x1448.png 2048w\" sizes=\"(max-width: 1024px) 100vw, 1024px\" \/><\/noscript><\/figure>\n<\/div><\/div>\n\n\n\n<div class=\"wp-block-column is-vertically-aligned-center is-layout-flow wp-block-column-is-layout-flow\"><div class=\"wp-block block-core-group\">\n<div class=\"wp-block-group\"><div class=\"wp-block-group__inner-container is-layout-constrained wp-block-group-is-layout-constrained\"><div class=\"wp-block block-acf-spacer\">\n<div id=\"spacer-block_e31ee0d6c368c1e6b17d407c11a38b88\" class=\"\">\n    <div aria-hidden=\"true\" class=\"wp-block-spacer spacer--md\"><\/div>\n<\/div>\n<\/div>\n\n<div class=\"wp-block block-core-heading\">\n<h1 class=\"wp-block-heading has-text-align-center has-primary-color has-text-color\" id=\"who-are-we\">QUE FAISONS NOUS ?<\/h1>\n<\/div>\n\n<div class=\"wp-block block-core-paragraph aligncenter\">\n<p class=\"has-text-align-center has-md-font-size\">CARIFES \u0153uvre au d\u00e9veloppement et \u00e0<br>l\u2019\u00e9panouissement spirituel des \u00e9tudiants \u00e0 travers toute la r\u00e9gion Cara\u00efbe afin qu\u2019ils deviennent des leaders et disciples de Christ.<\/p>\n<\/div><\/div>\n<\/div><\/div><\/div>\n<\/div>\n<\/div><\/div>\n<\/div><\/div>\n\n<div class=\"wp-block block-core-group alignfull\">\n<div class=\"wp-block-group alignfull has-caribbean-background-color has-background\"><div class=\"wp-block-group__inner-container is-layout-constrained wp-block-group-is-layout-constrained\"><div class=\"wp-block block-core-heading\">\n<h1 class=\"wp-block-heading has-text-align-center\">PR\u00c9SENTATION DE L&rsquo;\u00c9QUIPE<\/h1>\n<\/div>\n\n<div class=\"wp-block block-core-separator is-style-wide\">\n<hr class=\"wp-block-separator has-text-color has-caribbean-color has-css-opacity has-caribbean-background-color has-background is-style-wide\"\/>\n<\/div>\n\n<div class=\"wp-block block-core-columns\">\n<div class=\"wp-block-columns is-layout-flex wp-container-core-columns-is-layout-9d6595d7 wp-block-columns-is-layout-flex\">\n<div class=\"wp-block-column is-layout-flow wp-block-column-is-layout-flow\" style=\"flex-basis:33.33%\"><div class=\"wp-block block-core-image\">\n<figure class=\"wp-block-image size-large\"><img decoding=\"async\" src=\"data:image\/gif;base64,R0lGODlhAQABAIAAAAAAAP\/\/\/yH5BAEAAAAALAAAAAABAAEAAAIBRAA7\" data-src=\"https:\/\/ifescaribbean.org\/wp-content\/uploads\/2023\/01\/IMG_0234-edited-scaled.jpg\" alt=\"\" class=\"wp-image-757 lazyload\"\/><noscript><img decoding=\"async\" width=\"2560\" height=\"2560\" src=\"https:\/\/ifescaribbean.org\/wp-content\/uploads\/2023\/01\/IMG_0234-edited-scaled.jpg\" alt=\"\" class=\"wp-image-757 lazyload\" srcset=\"https:\/\/ifescaribbean.org\/wp-content\/uploads\/2023\/01\/IMG_0234-edited-scaled.jpg 2560w, https:\/\/ifescaribbean.org\/wp-content\/uploads\/2023\/01\/IMG_0234-edited-300x300.jpg 300w, https:\/\/ifescaribbean.org\/wp-content\/uploads\/2023\/01\/IMG_0234-edited-1024x1024.jpg 1024w, https:\/\/ifescaribbean.org\/wp-content\/uploads\/2023\/01\/IMG_0234-edited-150x150.jpg 150w, https:\/\/ifescaribbean.org\/wp-content\/uploads\/2023\/01\/IMG_0234-edited-768x768.jpg 768w, https:\/\/ifescaribbean.org\/wp-content\/uploads\/2023\/01\/IMG_0234-edited-1536x1536.jpg 1536w, https:\/\/ifescaribbean.org\/wp-content\/uploads\/2023\/01\/IMG_0234-edited-2048x2048.jpg 2048w, https:\/\/ifescaribbean.org\/wp-content\/uploads\/2023\/01\/IMG_0234-edited-70x70.jpg 70w\" sizes=\"(max-width: 2560px) 100vw, 2560px\" \/><\/noscript><\/figure>\n<\/div><\/div>\n\n\n\n<div class=\"wp-block-column is-layout-flow wp-block-column-is-layout-flow\" style=\"flex-basis:66.66%\"><div class=\"wp-block block-core-paragraph\">\n<p><strong>MARC PULVAR \u2013 SECR\u00c9TAIRE R\u00c9GIONAL<\/strong><\/p>\n<\/div>\n\n<div class=\"wp-block block-core-paragraph\">\n<p><strong>Marc PULVAR<\/strong> est le secr\u00e9taire r\u00e9gional du minist\u00e8re pour les \u00e9tudiants de la Cara\u00efbe CAR-IFES. En tant qu&rsquo;\u00e9tudiant, Marc a donn\u00e9 sa vie \u00e0 J\u00e9sus gr\u00e2ce au t\u00e9moignage d&rsquo;\u00e9tudiants chr\u00e9tiens fid\u00e8les du Groupe Biblique Universitaire (GBU) sur le campus de son universit\u00e9 en Martinique, o\u00f9 il a \u00e9tudi\u00e9 l&rsquo;anglais et la linguistique. Plus tard, Marc a fait des \u00e9tudes en th\u00e9ologie, au Royaume-Uni. Il est d&rsquo;abord coordinateur pour les territoires fran\u00e7ais de la r\u00e9gion Cara\u00efbes. En 2005, il devient le secr\u00e9taire r\u00e9gional associ\u00e9 et en 2019, Marc est nomm\u00e9 secr\u00e9taire r\u00e9gional de la r\u00e9gion Cara\u00efbe. Sa vision est de d\u00e9velopper une structure r\u00e9gionale plus forte pour CARIFES, en tant qu&rsquo;organisation et de lever une nouvelle g\u00e9n\u00e9ration de leaders et de disciples de J\u00e9sus.<\/p>\n<\/div>\n\n<div class=\"wp-block block-acf-ifesbutton\">\n<div class=\"\">\n    <a id=\"btn-block_33b4eb029d332fa7102c2710ce3f3080\" target=\"_blank\" href=\"https:\/\/ifesworld.org\/fr\/donner\/?switch_language=fr&#038;destination=CR000_SMPU\" class=\"btn btn--cta-link\">\n        <span>\n                    <span class=\"icon\"><svg class=\"icon\"><use xlink:href=\"#chevron-circle-right-solid\"\/><\/svg><\/span>\n        Soutenir le travail men\u00e9 par Marc        <\/span>\n    <\/a>\n<\/div>\n\n<\/div><\/div>\n<\/div>\n<\/div>\n\n<div class=\"wp-block block-core-columns\">\n<div class=\"wp-block-columns is-layout-flex wp-container-core-columns-is-layout-9d6595d7 wp-block-columns-is-layout-flex\">\n<div class=\"wp-block-column is-layout-flow wp-block-column-is-layout-flow\" style=\"flex-basis:33.33%\"><div class=\"wp-block block-core-image\">\n<figure class=\"wp-block-image size-large\"><img decoding=\"async\" src=\"data:image\/gif;base64,R0lGODlhAQABAIAAAAAAAP\/\/\/yH5BAEAAAAALAAAAAABAAEAAAIBRAA7\" data-src=\"https:\/\/ifescaribbean.org\/wp-content\/uploads\/2023\/01\/IMG_0216-edited-1024x1024.jpg\" alt=\"\" class=\"wp-image-761 lazyload\"\/><noscript><img decoding=\"async\" width=\"1024\" height=\"1024\" src=\"https:\/\/ifescaribbean.org\/wp-content\/uploads\/2023\/01\/IMG_0216-edited-1024x1024.jpg\" alt=\"\" class=\"wp-image-761 lazyload\" srcset=\"https:\/\/ifescaribbean.org\/wp-content\/uploads\/2023\/01\/IMG_0216-edited-1024x1024.jpg 1024w, https:\/\/ifescaribbean.org\/wp-content\/uploads\/2023\/01\/IMG_0216-edited-300x300.jpg 300w, https:\/\/ifescaribbean.org\/wp-content\/uploads\/2023\/01\/IMG_0216-edited-150x150.jpg 150w, https:\/\/ifescaribbean.org\/wp-content\/uploads\/2023\/01\/IMG_0216-edited-768x768.jpg 768w, https:\/\/ifescaribbean.org\/wp-content\/uploads\/2023\/01\/IMG_0216-edited-1536x1536.jpg 1536w, https:\/\/ifescaribbean.org\/wp-content\/uploads\/2023\/01\/IMG_0216-edited-2048x2048.jpg 2048w, https:\/\/ifescaribbean.org\/wp-content\/uploads\/2023\/01\/IMG_0216-edited-70x70.jpg 70w\" sizes=\"(max-width: 1024px) 100vw, 1024px\" \/><\/noscript><\/figure>\n<\/div><\/div>\n\n\n\n<div class=\"wp-block-column is-layout-flow wp-block-column-is-layout-flow\" style=\"flex-basis:66.66%\"><div class=\"wp-block block-core-paragraph\">\n<p><strong>KERWIN STUART &#8211; SECR\u00c9TAIRE R\u00c9GIONAL ASSOCI\u00c9<\/strong><\/p>\n<\/div>\n\n<div class=\"wp-block block-core-paragraph\">\n<p>D\u00e8s son adolescence, <strong>M. Kerwin Stuart <\/strong>a r\u00e9pondu \u00e0 l&rsquo;appel de Dieu \u00e0 servir dans un minist\u00e8re \u00e0 plein temps. Il a commenc\u00e9 \u00e0 servir les \u00e9tudiants en Guyane, son pays natal, \u00e0 la fin des ann\u00e9es 90. Kerwin est mari\u00e9 \u00e0 la charmante Mme Ayodele Stuart et poursuit son minist\u00e8re aupr\u00e8s des \u00e9tudiants au bureau r\u00e9gional de CARIFES, o\u00f9 il occupe d\u00e9sormais le poste de secr\u00e9taire r\u00e9gional associ\u00e9. Kerwin est convaincu que la source d&rsquo;une vie transform\u00e9e ne na\u00eet que lorsque J\u00e9sus devient \u00e0 la fois le Sauveur et le Seigneur de l&rsquo;individu.<\/p>\n<\/div>\n\n<div class=\"wp-block block-acf-ifesbutton\">\n<div class=\"\">\n    <a id=\"btn-block_3dceb7c074c46f593656fe0df648957a\" target=\"_blank\" href=\"https:\/\/ifesworld.org\/fr\/donner\/?switch_language=fr&#038;destination=CR000_SKST\" class=\"btn btn--cta-link\">\n        <span>\n                    <span class=\"icon\"><svg class=\"icon\"><use xlink:href=\"#chevron-circle-right-solid\"\/><\/svg><\/span>\n        Soutenir le travail men\u00e9 par Kerwin        <\/span>\n    <\/a>\n<\/div>\n\n<\/div><\/div>\n<\/div>\n<\/div>\n\n<div class=\"wp-block block-core-columns\">\n<div class=\"wp-block-columns is-layout-flex wp-container-core-columns-is-layout-9d6595d7 wp-block-columns-is-layout-flex\">\n<div class=\"wp-block-column is-layout-flow wp-block-column-is-layout-flow\" style=\"flex-basis:33.33%\"><div class=\"wp-block block-core-image aligncenter is-style-default\">\n<figure class=\"wp-block-image aligncenter size-large is-style-default\"><img decoding=\"async\" src=\"data:image\/gif;base64,R0lGODlhAQABAIAAAAAAAP\/\/\/yH5BAEAAAAALAAAAAABAAEAAAIBRAA7\" data-src=\"https:\/\/ifescaribbean.org\/wp-content\/uploads\/2023\/01\/Rina-01-1024x1024.jpg\" alt=\"\" class=\"wp-image-714 lazyload\"\/><noscript><img decoding=\"async\" width=\"1024\" height=\"1024\" src=\"https:\/\/ifescaribbean.org\/wp-content\/uploads\/2023\/01\/Rina-01-1024x1024.jpg\" alt=\"\" class=\"wp-image-714 lazyload\" srcset=\"https:\/\/ifescaribbean.org\/wp-content\/uploads\/2023\/01\/Rina-01-1024x1024.jpg 1024w, https:\/\/ifescaribbean.org\/wp-content\/uploads\/2023\/01\/Rina-01-300x300.jpg 300w, https:\/\/ifescaribbean.org\/wp-content\/uploads\/2023\/01\/Rina-01-150x150.jpg 150w, https:\/\/ifescaribbean.org\/wp-content\/uploads\/2023\/01\/Rina-01-768x768.jpg 768w, https:\/\/ifescaribbean.org\/wp-content\/uploads\/2023\/01\/Rina-01-1536x1536.jpg 1536w, https:\/\/ifescaribbean.org\/wp-content\/uploads\/2023\/01\/Rina-01-2048x2048.jpg 2048w, https:\/\/ifescaribbean.org\/wp-content\/uploads\/2023\/01\/Rina-01-70x70.jpg 70w\" sizes=\"(max-width: 1024px) 100vw, 1024px\" \/><\/noscript><\/figure>\n<\/div><\/div>\n\n\n\n<div class=\"wp-block-column is-layout-flow wp-block-column-is-layout-flow\" style=\"flex-basis:66.66%\"><div class=\"wp-block block-core-paragraph\">\n<p><strong>KARINA CELESTINE &#8211; CONTENT AND CREATION COORDINATOR<\/strong><\/p>\n<\/div>\n\n<div class=\"wp-block block-core-paragraph\">\n<p>Karina a commenc\u00e9 son parcours dans le minist\u00e8re \u00e9tudiant pendant ses \u00e9tudes universitaires et a depuis occup\u00e9 des fonctions au niveau national et r\u00e9gional en tant que responsable marketing et communication pour IS\/IVCF Trinidad &amp; Tobago (2018-2020). Elle est actuellement coordinatrice contenus et communication depuis 2021 pour IFES Cara\u00efbe. Passionn\u00e9e par l&rsquo;intersection entre le minist\u00e8re et les moyens de communication, Karina consid\u00e8re la communication guid\u00e9e par l&rsquo;Esprit non seulement comme une comp\u00e9tence, mais aussi comme une vocation personnelle \u00e0 servir dans un domaine souvent n\u00e9glig\u00e9 oupris pour acquis. Pour elle, la communication dans le minist\u00e8re est plus qu&rsquo;un outil, c&rsquo;est un moyen de partager des r\u00e9cits clairs, convaincants et accessibles de l&rsquo;\u0153uvre de Dieu \u00e0 travers les cultures et les g\u00e9n\u00e9rations.<\/p>\n<\/div>\n\n<div class=\"wp-block block-acf-ifesbutton\">\n<div class=\"\">\n    <a id=\"btn-block_b194f3b3de65ef0ace0f2ed7663d845f\" target=\"_blank\" href=\"https:\/\/ifesworld.org\/fr\/donner\/?switch_language=fr&#038;destination=CR000_SKCE\" class=\"btn btn--cta-link\">\n        <span>\n                    <span class=\"icon\"><svg class=\"icon\"><use xlink:href=\"#chevron-circle-right-solid\"\/><\/svg><\/span>\n        Soutenir le travail men\u00e9 par Karina        <\/span>\n    <\/a>\n<\/div>\n\n<\/div><\/div>\n<\/div>\n<\/div>\n\n<div class=\"wp-block block-core-columns\">\n<div class=\"wp-block-columns is-layout-flex wp-container-core-columns-is-layout-9d6595d7 wp-block-columns-is-layout-flex\">\n<div class=\"wp-block-column is-layout-flow wp-block-column-is-layout-flow\" style=\"flex-basis:33.33%\"><div class=\"wp-block block-core-image aligncenter is-style-default\">\n<figure class=\"wp-block-image aligncenter size-large is-style-default\"><img decoding=\"async\" src=\"data:image\/gif;base64,R0lGODlhAQABAIAAAAAAAP\/\/\/yH5BAEAAAAALAAAAAABAAEAAAIBRAA7\" data-src=\"https:\/\/ifescaribbean.org\/wp-content\/uploads\/2023\/01\/Nico-01-1024x1024.jpg\" alt=\"\" class=\"wp-image-716 lazyload\"\/><noscript><img decoding=\"async\" width=\"1024\" height=\"1024\" src=\"https:\/\/ifescaribbean.org\/wp-content\/uploads\/2023\/01\/Nico-01-1024x1024.jpg\" alt=\"\" class=\"wp-image-716 lazyload\" srcset=\"https:\/\/ifescaribbean.org\/wp-content\/uploads\/2023\/01\/Nico-01-1024x1024.jpg 1024w, https:\/\/ifescaribbean.org\/wp-content\/uploads\/2023\/01\/Nico-01-300x300.jpg 300w, https:\/\/ifescaribbean.org\/wp-content\/uploads\/2023\/01\/Nico-01-150x150.jpg 150w, https:\/\/ifescaribbean.org\/wp-content\/uploads\/2023\/01\/Nico-01-768x768.jpg 768w, https:\/\/ifescaribbean.org\/wp-content\/uploads\/2023\/01\/Nico-01-1536x1536.jpg 1536w, https:\/\/ifescaribbean.org\/wp-content\/uploads\/2023\/01\/Nico-01-2048x2048.jpg 2048w, https:\/\/ifescaribbean.org\/wp-content\/uploads\/2023\/01\/Nico-01-70x70.jpg 70w\" sizes=\"(max-width: 1024px) 100vw, 1024px\" \/><\/noscript><\/figure>\n<\/div><\/div>\n\n\n\n<div class=\"wp-block-column is-layout-flow wp-block-column-is-layout-flow\" style=\"flex-basis:66.66%\"><div class=\"wp-block block-core-paragraph\">\n<p><strong>Nicolas CHOUX &#8211; OPERATIONS COORDINATOR &amp; FRANCOPHONE LIAISON<\/strong><\/p>\n<\/div>\n\n<div class=\"wp-block block-core-paragraph\">\n<p>Nicolas est originaire de l&rsquo;\u00eele de la Martinique. Il a fait ses \u00e9tudes au Canada, o\u00f9 il a pu approfondir ses connaissances et mieux comprendre les avantages du minist\u00e8re \u00e9tudiant sur les campus. Il a rejoint l&rsquo;\u00e9quipe IFES Cara\u00efbe en 2021. Il a \u00e9galement fait partie de l&rsquo;\u00e9quipe charg\u00e9e de relancer le mouvement national en Martinique. Il occupe aujourd&rsquo;hui les fonctions de coordinateur des op\u00e9rations (coordination administrative de la plupart des \u00e9v\u00e9nements r\u00e9gionaux et assistance dans d&rsquo;autres t\u00e2ches administratives pour la r\u00e9gion) et de charg\u00e9 de liaison francophone (coordination des secr\u00e9taires g\u00e9n\u00e9raux francophones de la r\u00e9gion ainsi que des traductions fran\u00e7ais-anglais et anglais-fran\u00e7ais pour la r\u00e9gion).<\/p>\n<\/div>\n\n<div class=\"wp-block block-acf-ifesbutton\">\n<div class=\"\">\n    <a id=\"btn-block_ad023a7d4f35ed4ed8d2f60c593928f6\" target=\"_blank\" href=\"https:\/\/ifesworld.org\/fr\/donner\/?switch_language=fr&#038;destination=CR000_SNCH\" class=\"btn btn--cta-link\">\n        <span>\n                    <span class=\"icon\"><svg class=\"icon\"><use xlink:href=\"#chevron-circle-right-solid\"\/><\/svg><\/span>\n        Soutenir le travail men\u00e9 par Nicolas        <\/span>\n    <\/a>\n<\/div>\n\n<\/div><\/div>\n<\/div>\n<\/div>\n\n<div class=\"wp-block block-core-group\">\n<div class=\"wp-block-group\"><div class=\"wp-block-group__inner-container is-layout-constrained wp-block-group-is-layout-constrained\"><\/div>\n<\/div><\/div><\/div>\n<\/div><\/div>\n\n<div class=\"wp-block block-core-separator is-style-dots\">\n<hr class=\"wp-block-separator has-text-color has-white-color has-css-opacity has-white-background-color has-background is-style-dots\"\/>\n<\/div>\n\n<div class=\"wp-block block-core-heading\">\n<h1 class=\"wp-block-heading has-text-align-center\">CONTACTEZ-NOUS<\/h1>\n<\/div>\n\n<div class=\"wp-block block-acf-spacer\">\n<div id=\"spacer-block_e31ee0d6c368c1e6b17d407c11a38b88\" class=\"\">\n    <div aria-hidden=\"true\" class=\"wp-block-spacer spacer--md\"><\/div>\n<\/div>\n<\/div>\n\n<div class=\"wp-block block-core-paragraph aligncenter\">\n<p class=\"has-text-align-center has-md-font-size\"><a href=\"mailto:ifes.caribbean@ifesworld.org\">ifes.caribbean@ifesworld.org<\/a> (Email g\u00e9n\u00e9ral)<\/p>\n<\/div>\n\n<div class=\"wp-block block-core-paragraph aligncenter\">\n<p class=\"has-text-align-center has-md-font-size\"><a href=\"mailto:CARIFES.News@ifesworld.org\">CARIFES.News@ifesworld.org<\/a> (\u00c9quipe de communication)<\/p>\n<\/div>\n\n<div class=\"wp-block block-acf-ifesbutton aligncenter\">\n<div class=\"aligncenter\">\n    <a id=\"btn-block_47965fdac97b93481824131e2eda9408\" target=\"_blank\" href=\"mailto:ifes.caribbean@ifesworld.org\" class=\"btn btn--secondary\">\n        <span>\n        CONTACTEZ-NOUS MAINTENANT        <\/span>\n    <\/a>\n<\/div>\n\n<\/div>\n\n<div class=\"wp-block block-core-separator is-style-dots\">\n<hr class=\"wp-block-separator has-text-color has-white-color has-css-opacity has-white-background-color has-background is-style-dots\"\/>\n<\/div>\n\n<div class=\"wp-block block-core-group alignfull\">\n<div class=\"wp-block-group alignfull has-caribbean-background-color has-background\"><div class=\"wp-block-group__inner-container is-layout-constrained wp-block-group-is-layout-constrained\"><div class=\"wp-block block-core-heading\">\n<h2 class=\"wp-block-heading has-text-align-center has-primary-color has-text-color\">SUIVRE @IFESCARIBBEAN SUR LES R\u00c9SEAUX SOCIAUX<\/h2>\n<\/div>\n\n<div class=\"wp-block block-acf-spacer\">\n<div id=\"spacer-block_e31ee0d6c368c1e6b17d407c11a38b88\" class=\"\">\n    <div aria-hidden=\"true\" class=\"wp-block-spacer spacer--md\"><\/div>\n<\/div>\n<\/div>\n\n<div class=\"wp-block block-core-columns\">\n<div class=\"wp-block-columns is-layout-flex wp-container-core-columns-is-layout-9d6595d7 wp-block-columns-is-layout-flex\">\n<div class=\"wp-block-column is-vertically-aligned-center is-layout-flow wp-block-column-is-layout-flow\"><div class=\"wp-block block-core-social-links aligncenter is-style-logos-only\">\n<ul class=\"wp-block-social-links aligncenter has-huge-icon-size is-style-logos-only is-horizontal is-content-justification-center is-nowrap is-layout-flex wp-container-core-social-links-is-layout-fc65f29c wp-block-social-links-is-layout-flex\"><div class=\"wp-block block-core-social-link\"><li class=\"wp-social-link wp-social-link-facebook  wp-block-social-link\"><a rel=\"noopener nofollow\" target=\"_blank\" href=\"https:\/\/www.facebook.com\/ifescaribbean\/\" class=\"wp-block-social-link-anchor\"><svg width=\"24\" height=\"24\" viewBox=\"0 0 24 24\" version=\"1.1\" xmlns=\"http:\/\/www.w3.org\/2000\/svg\" aria-hidden=\"true\" focusable=\"false\"><path d=\"M12 2C6.5 2 2 6.5 2 12c0 5 3.7 9.1 8.4 9.9v-7H7.9V12h2.5V9.8c0-2.5 1.5-3.9 3.8-3.9 1.1 0 2.2.2 2.2.2v2.5h-1.3c-1.2 0-1.6.8-1.6 1.6V12h2.8l-.4 2.9h-2.3v7C18.3 21.1 22 17 22 12c0-5.5-4.5-10-10-10z\"><\/path><\/svg><span class=\"wp-block-social-link-label screen-reader-text\">Facebook<\/span><\/a><\/li><\/div>\n\n<div class=\"wp-block block-core-social-link\"><li class=\"wp-social-link wp-social-link-instagram  wp-block-social-link\"><a rel=\"noopener nofollow\" target=\"_blank\" href=\"https:\/\/www.instagram.com\/ifescaribbean\/\" class=\"wp-block-social-link-anchor\"><svg width=\"24\" height=\"24\" viewBox=\"0 0 24 24\" version=\"1.1\" xmlns=\"http:\/\/www.w3.org\/2000\/svg\" aria-hidden=\"true\" focusable=\"false\"><path d=\"M12,4.622c2.403,0,2.688,0.009,3.637,0.052c0.877,0.04,1.354,0.187,1.671,0.31c0.42,0.163,0.72,0.358,1.035,0.673 c0.315,0.315,0.51,0.615,0.673,1.035c0.123,0.317,0.27,0.794,0.31,1.671c0.043,0.949,0.052,1.234,0.052,3.637 s-0.009,2.688-0.052,3.637c-0.04,0.877-0.187,1.354-0.31,1.671c-0.163,0.42-0.358,0.72-0.673,1.035 c-0.315,0.315-0.615,0.51-1.035,0.673c-0.317,0.123-0.794,0.27-1.671,0.31c-0.949,0.043-1.233,0.052-3.637,0.052 s-2.688-0.009-3.637-0.052c-0.877-0.04-1.354-0.187-1.671-0.31c-0.42-0.163-0.72-0.358-1.035-0.673 c-0.315-0.315-0.51-0.615-0.673-1.035c-0.123-0.317-0.27-0.794-0.31-1.671C4.631,14.688,4.622,14.403,4.622,12 s0.009-2.688,0.052-3.637c0.04-0.877,0.187-1.354,0.31-1.671c0.163-0.42,0.358-0.72,0.673-1.035 c0.315-0.315,0.615-0.51,1.035-0.673c0.317-0.123,0.794-0.27,1.671-0.31C9.312,4.631,9.597,4.622,12,4.622 M12,3 C9.556,3,9.249,3.01,8.289,3.054C7.331,3.098,6.677,3.25,6.105,3.472C5.513,3.702,5.011,4.01,4.511,4.511 c-0.5,0.5-0.808,1.002-1.038,1.594C3.25,6.677,3.098,7.331,3.054,8.289C3.01,9.249,3,9.556,3,12c0,2.444,0.01,2.751,0.054,3.711 c0.044,0.958,0.196,1.612,0.418,2.185c0.23,0.592,0.538,1.094,1.038,1.594c0.5,0.5,1.002,0.808,1.594,1.038 c0.572,0.222,1.227,0.375,2.185,0.418C9.249,20.99,9.556,21,12,21s2.751-0.01,3.711-0.054c0.958-0.044,1.612-0.196,2.185-0.418 c0.592-0.23,1.094-0.538,1.594-1.038c0.5-0.5,0.808-1.002,1.038-1.594c0.222-0.572,0.375-1.227,0.418-2.185 C20.99,14.751,21,14.444,21,12s-0.01-2.751-0.054-3.711c-0.044-0.958-0.196-1.612-0.418-2.185c-0.23-0.592-0.538-1.094-1.038-1.594 c-0.5-0.5-1.002-0.808-1.594-1.038c-0.572-0.222-1.227-0.375-2.185-0.418C14.751,3.01,14.444,3,12,3L12,3z M12,7.378 c-2.552,0-4.622,2.069-4.622,4.622S9.448,16.622,12,16.622s4.622-2.069,4.622-4.622S14.552,7.378,12,7.378z M12,15 c-1.657,0-3-1.343-3-3s1.343-3,3-3s3,1.343,3,3S13.657,15,12,15z M16.804,6.116c-0.596,0-1.08,0.484-1.08,1.08 s0.484,1.08,1.08,1.08c0.596,0,1.08-0.484,1.08-1.08S17.401,6.116,16.804,6.116z\"><\/path><\/svg><span class=\"wp-block-social-link-label screen-reader-text\">Instagram<\/span><\/a><\/li><\/div>\n\n<div class=\"wp-block block-core-social-link\"><li class=\"wp-social-link wp-social-link-twitter  wp-block-social-link\"><a rel=\"noopener nofollow\" target=\"_blank\" href=\"https:\/\/twitter.com\/CARIFES\" class=\"wp-block-social-link-anchor\"><svg width=\"24\" height=\"24\" viewBox=\"0 0 24 24\" version=\"1.1\" xmlns=\"http:\/\/www.w3.org\/2000\/svg\" aria-hidden=\"true\" focusable=\"false\"><path d=\"M22.23,5.924c-0.736,0.326-1.527,0.547-2.357,0.646c0.847-0.508,1.498-1.312,1.804-2.27 c-0.793,0.47-1.671,0.812-2.606,0.996C18.324,4.498,17.257,4,16.077,4c-2.266,0-4.103,1.837-4.103,4.103 c0,0.322,0.036,0.635,0.106,0.935C8.67,8.867,5.647,7.234,3.623,4.751C3.27,5.357,3.067,6.062,3.067,6.814 c0,1.424,0.724,2.679,1.825,3.415c-0.673-0.021-1.305-0.206-1.859-0.513c0,0.017,0,0.034,0,0.052c0,1.988,1.414,3.647,3.292,4.023 c-0.344,0.094-0.707,0.144-1.081,0.144c-0.264,0-0.521-0.026-0.772-0.074c0.522,1.63,2.038,2.816,3.833,2.85 c-1.404,1.1-3.174,1.756-5.096,1.756c-0.331,0-0.658-0.019-0.979-0.057c1.816,1.164,3.973,1.843,6.29,1.843 c7.547,0,11.675-6.252,11.675-11.675c0-0.178-0.004-0.355-0.012-0.531C20.985,7.47,21.68,6.747,22.23,5.924z\"><\/path><\/svg><span class=\"wp-block-social-link-label screen-reader-text\">Twitter<\/span><\/a><\/li><\/div>\n\n<div class=\"wp-block block-core-social-link\"><li class=\"wp-social-link wp-social-link-youtube  wp-block-social-link\"><a rel=\"noopener nofollow\" target=\"_blank\" href=\"https:\/\/www.youtube.com\/channel\/UCZju8ZIxm4omn0JdsIkmfEQ\" class=\"wp-block-social-link-anchor\"><svg width=\"24\" height=\"24\" viewBox=\"0 0 24 24\" version=\"1.1\" xmlns=\"http:\/\/www.w3.org\/2000\/svg\" aria-hidden=\"true\" focusable=\"false\"><path d=\"M21.8,8.001c0,0-0.195-1.378-0.795-1.985c-0.76-0.797-1.613-0.801-2.004-0.847c-2.799-0.202-6.997-0.202-6.997-0.202 h-0.009c0,0-4.198,0-6.997,0.202C4.608,5.216,3.756,5.22,2.995,6.016C2.395,6.623,2.2,8.001,2.2,8.001S2,9.62,2,11.238v1.517 c0,1.618,0.2,3.237,0.2,3.237s0.195,1.378,0.795,1.985c0.761,0.797,1.76,0.771,2.205,0.855c1.6,0.153,6.8,0.201,6.8,0.201 s4.203-0.006,7.001-0.209c0.391-0.047,1.243-0.051,2.004-0.847c0.6-0.607,0.795-1.985,0.795-1.985s0.2-1.618,0.2-3.237v-1.517 C22,9.62,21.8,8.001,21.8,8.001z M9.935,14.594l-0.001-5.62l5.404,2.82L9.935,14.594z\"><\/path><\/svg><span class=\"wp-block-social-link-label screen-reader-text\">YouTube<\/span><\/a><\/li><\/div><\/ul>\n<\/div><\/div>\n<\/div>\n<\/div>\n\n<div class=\"wp-block block-core-heading\">\n<h3 class=\"wp-block-heading has-text-align-center has-primary-color has-text-color\"><strong>#IFESCARIBBEAN<\/strong><\/h3>\n<\/div>\n\n<div class=\"wp-block block-acf-spacer\">\n<div id=\"spacer-block_ba508d8ca9edf8f031d9e6e2ca1bebad\" class=\"\">\n    <div aria-hidden=\"true\" class=\"wp-block-spacer spacer--xl\"><\/div>\n<\/div>\n<\/div><\/div>\n<\/div><\/div>","protected":false},"excerpt":{"rendered":"<p>QUE FAISONS NOUS ? CARIFES \u0153uvre au d\u00e9veloppement et \u00e0l\u2019\u00e9panouissement spirituel des \u00e9tudiants \u00e0 travers toute la r\u00e9gion Cara\u00efbe afin qu\u2019ils deviennent des leaders et disciples de Christ. PR\u00c9SENTATION DE L&rsquo;\u00c9QUIPE MARC PULVAR \u2013 SECR\u00c9TAIRE R\u00c9GIONAL Marc PULVAR est le secr\u00e9taire r\u00e9gional du minist\u00e8re pour les \u00e9tudiants de la Cara\u00efbe CAR-IFES. En tant qu&rsquo;\u00e9tudiant, Marc&#8230;<\/p>\n","protected":false},"author":6,"featured_media":1698,"parent":0,"menu_order":0,"comment_status":"closed","ping_status":"closed","template":"","meta":{"inline_featured_image":false,"footnotes":""},"area":[],"theme":[],"class_list":["post-881","page","type-page","status-publish","has-post-thumbnail","hentry"],"acf":[],"yoast_head":"<!-- This site is optimized with the Yoast SEO plugin v27.5 - https:\/\/yoast.com\/product\/yoast-seo-wordpress\/ -->\n<title>QUI SOMMES-NOUS ? - CARIFES<\/title>\n<meta name=\"robots\" content=\"index, follow, max-snippet:-1, max-image-preview:large, max-video-preview:-1\" \/>\n<link rel=\"canonical\" href=\"https:\/\/ifescaribbean.org\/fr\/qui-sommes-nous\/\" \/>\n<meta property=\"og:locale\" content=\"fr_FR\" \/>\n<meta property=\"og:type\" content=\"article\" \/>\n<meta property=\"og:title\" content=\"QUI SOMMES-NOUS ? - CARIFES\" \/>\n<meta property=\"og:description\" content=\"QUE FAISONS NOUS ? CARIFES \u0153uvre au d\u00e9veloppement et \u00e0l\u2019\u00e9panouissement spirituel des \u00e9tudiants \u00e0 travers toute la r\u00e9gion Cara\u00efbe afin qu\u2019ils deviennent des leaders et disciples de Christ. PR\u00c9SENTATION DE L&rsquo;\u00c9QUIPE MARC PULVAR \u2013 SECR\u00c9TAIRE R\u00c9GIONAL Marc PULVAR est le secr\u00e9taire r\u00e9gional du minist\u00e8re pour les \u00e9tudiants de la Cara\u00efbe CAR-IFES. En tant qu&rsquo;\u00e9tudiant, Marc...\" \/>\n<meta property=\"og:url\" content=\"https:\/\/ifescaribbean.org\/fr\/qui-sommes-nous\/\" \/>\n<meta property=\"og:site_name\" content=\"CARIFES\" \/>\n<meta property=\"article:modified_time\" content=\"2025-07-28T14:31:30+00:00\" \/>\n<meta property=\"og:image\" content=\"https:\/\/ifescaribbean.org\/wp-content\/uploads\/2023\/08\/4-DSCF4640-scaled-e1694632217243.jpg\" \/>\n\t<meta property=\"og:image:width\" content=\"2560\" \/>\n\t<meta property=\"og:image:height\" content=\"1707\" \/>\n\t<meta property=\"og:image:type\" content=\"image\/jpeg\" \/>\n<meta name=\"twitter:card\" content=\"summary_large_image\" \/>\n<meta name=\"twitter:label1\" content=\"Dur\u00e9e de lecture estim\u00e9e\" \/>\n\t<meta name=\"twitter:data1\" content=\"4 minutes\" \/>\n<script type=\"application\/ld+json\" class=\"yoast-schema-graph\">{\"@context\":\"https:\\\/\\\/schema.org\",\"@graph\":[{\"@type\":\"WebPage\",\"@id\":\"https:\\\/\\\/ifescaribbean.org\\\/fr\\\/qui-sommes-nous\\\/\",\"url\":\"https:\\\/\\\/ifescaribbean.org\\\/fr\\\/qui-sommes-nous\\\/\",\"name\":\"QUI SOMMES-NOUS ? - CARIFES\",\"isPartOf\":{\"@id\":\"https:\\\/\\\/ifescaribbean.org\\\/fr\\\/#website\"},\"primaryImageOfPage\":{\"@id\":\"https:\\\/\\\/ifescaribbean.org\\\/fr\\\/qui-sommes-nous\\\/#primaryimage\"},\"image\":{\"@id\":\"https:\\\/\\\/ifescaribbean.org\\\/fr\\\/qui-sommes-nous\\\/#primaryimage\"},\"thumbnailUrl\":\"https:\\\/\\\/ifescaribbean.org\\\/wp-content\\\/uploads\\\/2023\\\/08\\\/4-DSCF4640-scaled-e1694632217243.jpg\",\"datePublished\":\"2023-03-06T15:41:24+00:00\",\"dateModified\":\"2025-07-28T14:31:30+00:00\",\"breadcrumb\":{\"@id\":\"https:\\\/\\\/ifescaribbean.org\\\/fr\\\/qui-sommes-nous\\\/#breadcrumb\"},\"inLanguage\":\"fr-FR\",\"potentialAction\":[{\"@type\":\"ReadAction\",\"target\":[\"https:\\\/\\\/ifescaribbean.org\\\/fr\\\/qui-sommes-nous\\\/\"]}]},{\"@type\":\"ImageObject\",\"inLanguage\":\"fr-FR\",\"@id\":\"https:\\\/\\\/ifescaribbean.org\\\/fr\\\/qui-sommes-nous\\\/#primaryimage\",\"url\":\"https:\\\/\\\/ifescaribbean.org\\\/wp-content\\\/uploads\\\/2023\\\/08\\\/4-DSCF4640-scaled-e1694632217243.jpg\",\"contentUrl\":\"https:\\\/\\\/ifescaribbean.org\\\/wp-content\\\/uploads\\\/2023\\\/08\\\/4-DSCF4640-scaled-e1694632217243.jpg\",\"width\":2560,\"height\":1707},{\"@type\":\"BreadcrumbList\",\"@id\":\"https:\\\/\\\/ifescaribbean.org\\\/fr\\\/qui-sommes-nous\\\/#breadcrumb\",\"itemListElement\":[{\"@type\":\"ListItem\",\"position\":1,\"name\":\"Home\",\"item\":\"https:\\\/\\\/ifescaribbean.org\\\/fr\\\/\"},{\"@type\":\"ListItem\",\"position\":2,\"name\":\"QUI SOMMES-NOUS ?\"}]},{\"@type\":\"WebSite\",\"@id\":\"https:\\\/\\\/ifescaribbean.org\\\/fr\\\/#website\",\"url\":\"https:\\\/\\\/ifescaribbean.org\\\/fr\\\/\",\"name\":\"CARIFES\",\"description\":\"CARIFES website\",\"publisher\":{\"@id\":\"https:\\\/\\\/ifescaribbean.org\\\/fr\\\/#organization\"},\"inLanguage\":\"fr-FR\"},{\"@type\":\"Organization\",\"@id\":\"https:\\\/\\\/ifescaribbean.org\\\/fr\\\/#organization\",\"name\":\"CARIFES\",\"url\":\"https:\\\/\\\/ifescaribbean.org\\\/fr\\\/\",\"logo\":{\"@type\":\"ImageObject\",\"inLanguage\":\"fr-FR\",\"@id\":\"https:\\\/\\\/ifescaribbean.org\\\/fr\\\/#\\\/schema\\\/logo\\\/image\\\/\",\"url\":\"https:\\\/\\\/ifescaribbean.org\\\/wp-content\\\/uploads\\\/2023\\\/03\\\/IFES-Caraibe-Square.png\",\"contentUrl\":\"https:\\\/\\\/ifescaribbean.org\\\/wp-content\\\/uploads\\\/2023\\\/03\\\/IFES-Caraibe-Square.png\",\"width\":871,\"height\":868,\"caption\":\"CARIFES\"},\"image\":{\"@id\":\"https:\\\/\\\/ifescaribbean.org\\\/fr\\\/#\\\/schema\\\/logo\\\/image\\\/\"}}]}<\/script>\n<!-- \/ Yoast SEO plugin. -->","yoast_head_json":{"title":"QUI SOMMES-NOUS ? - CARIFES","robots":{"index":"index","follow":"follow","max-snippet":"max-snippet:-1","max-image-preview":"max-image-preview:large","max-video-preview":"max-video-preview:-1"},"canonical":"https:\/\/ifescaribbean.org\/fr\/qui-sommes-nous\/","og_locale":"fr_FR","og_type":"article","og_title":"QUI SOMMES-NOUS ? - CARIFES","og_description":"QUE FAISONS NOUS ? CARIFES \u0153uvre au d\u00e9veloppement et \u00e0l\u2019\u00e9panouissement spirituel des \u00e9tudiants \u00e0 travers toute la r\u00e9gion Cara\u00efbe afin qu\u2019ils deviennent des leaders et disciples de Christ. PR\u00c9SENTATION DE L&rsquo;\u00c9QUIPE MARC PULVAR \u2013 SECR\u00c9TAIRE R\u00c9GIONAL Marc PULVAR est le secr\u00e9taire r\u00e9gional du minist\u00e8re pour les \u00e9tudiants de la Cara\u00efbe CAR-IFES. En tant qu&rsquo;\u00e9tudiant, Marc...","og_url":"https:\/\/ifescaribbean.org\/fr\/qui-sommes-nous\/","og_site_name":"CARIFES","article_modified_time":"2025-07-28T14:31:30+00:00","og_image":[{"width":2560,"height":1707,"url":"https:\/\/ifescaribbean.org\/wp-content\/uploads\/2023\/08\/4-DSCF4640-scaled-e1694632217243.jpg","type":"image\/jpeg"}],"twitter_card":"summary_large_image","twitter_misc":{"Dur\u00e9e de lecture estim\u00e9e":"4 minutes"},"schema":{"@context":"https:\/\/schema.org","@graph":[{"@type":"WebPage","@id":"https:\/\/ifescaribbean.org\/fr\/qui-sommes-nous\/","url":"https:\/\/ifescaribbean.org\/fr\/qui-sommes-nous\/","name":"QUI SOMMES-NOUS ? - CARIFES","isPartOf":{"@id":"https:\/\/ifescaribbean.org\/fr\/#website"},"primaryImageOfPage":{"@id":"https:\/\/ifescaribbean.org\/fr\/qui-sommes-nous\/#primaryimage"},"image":{"@id":"https:\/\/ifescaribbean.org\/fr\/qui-sommes-nous\/#primaryimage"},"thumbnailUrl":"https:\/\/ifescaribbean.org\/wp-content\/uploads\/2023\/08\/4-DSCF4640-scaled-e1694632217243.jpg","datePublished":"2023-03-06T15:41:24+00:00","dateModified":"2025-07-28T14:31:30+00:00","breadcrumb":{"@id":"https:\/\/ifescaribbean.org\/fr\/qui-sommes-nous\/#breadcrumb"},"inLanguage":"fr-FR","potentialAction":[{"@type":"ReadAction","target":["https:\/\/ifescaribbean.org\/fr\/qui-sommes-nous\/"]}]},{"@type":"ImageObject","inLanguage":"fr-FR","@id":"https:\/\/ifescaribbean.org\/fr\/qui-sommes-nous\/#primaryimage","url":"https:\/\/ifescaribbean.org\/wp-content\/uploads\/2023\/08\/4-DSCF4640-scaled-e1694632217243.jpg","contentUrl":"https:\/\/ifescaribbean.org\/wp-content\/uploads\/2023\/08\/4-DSCF4640-scaled-e1694632217243.jpg","width":2560,"height":1707},{"@type":"BreadcrumbList","@id":"https:\/\/ifescaribbean.org\/fr\/qui-sommes-nous\/#breadcrumb","itemListElement":[{"@type":"ListItem","position":1,"name":"Home","item":"https:\/\/ifescaribbean.org\/fr\/"},{"@type":"ListItem","position":2,"name":"QUI SOMMES-NOUS ?"}]},{"@type":"WebSite","@id":"https:\/\/ifescaribbean.org\/fr\/#website","url":"https:\/\/ifescaribbean.org\/fr\/","name":"CARIFES","description":"CARIFES website","publisher":{"@id":"https:\/\/ifescaribbean.org\/fr\/#organization"},"inLanguage":"fr-FR"},{"@type":"Organization","@id":"https:\/\/ifescaribbean.org\/fr\/#organization","name":"CARIFES","url":"https:\/\/ifescaribbean.org\/fr\/","logo":{"@type":"ImageObject","inLanguage":"fr-FR","@id":"https:\/\/ifescaribbean.org\/fr\/#\/schema\/logo\/image\/","url":"https:\/\/ifescaribbean.org\/wp-content\/uploads\/2023\/03\/IFES-Caraibe-Square.png","contentUrl":"https:\/\/ifescaribbean.org\/wp-content\/uploads\/2023\/03\/IFES-Caraibe-Square.png","width":871,"height":868,"caption":"CARIFES"},"image":{"@id":"https:\/\/ifescaribbean.org\/fr\/#\/schema\/logo\/image\/"}}]}},"_links":{"self":[{"href":"https:\/\/ifescaribbean.org\/fr\/wp-json\/wp\/v2\/pages\/881","targetHints":{"allow":["GET"]}}],"collection":[{"href":"https:\/\/ifescaribbean.org\/fr\/wp-json\/wp\/v2\/pages"}],"about":[{"href":"https:\/\/ifescaribbean.org\/fr\/wp-json\/wp\/v2\/types\/page"}],"author":[{"embeddable":true,"href":"https:\/\/ifescaribbean.org\/fr\/wp-json\/wp\/v2\/users\/6"}],"replies":[{"embeddable":true,"href":"https:\/\/ifescaribbean.org\/fr\/wp-json\/wp\/v2\/comments?post=881"}],"version-history":[{"count":61,"href":"https:\/\/ifescaribbean.org\/fr\/wp-json\/wp\/v2\/pages\/881\/revisions"}],"predecessor-version":[{"id":2740,"href":"https:\/\/ifescaribbean.org\/fr\/wp-json\/wp\/v2\/pages\/881\/revisions\/2740"}],"wp:featuredmedia":[{"embeddable":true,"href":"https:\/\/ifescaribbean.org\/fr\/wp-json\/wp\/v2\/media\/1698"}],"wp:attachment":[{"href":"https:\/\/ifescaribbean.org\/fr\/wp-json\/wp\/v2\/media?parent=881"}],"wp:term":[{"taxonomy":"area","embeddable":true,"href":"https:\/\/ifescaribbean.org\/fr\/wp-json\/wp\/v2\/area?post=881"},{"taxonomy":"theme","embeddable":true,"href":"https:\/\/ifescaribbean.org\/fr\/wp-json\/wp\/v2\/theme?post=881"}],"curies":[{"name":"wp","href":"https:\/\/api.w.org\/{rel}","templated":true}]}}